{"id":2473,"date":"2025-06-17T11:08:39","date_gmt":"2025-06-17T11:08:39","guid":{"rendered":"https:\/\/ciudadanoconversacional.com\/?page_id=2473"},"modified":"2025-10-30T10:28:26","modified_gmt":"2025-10-30T10:28:26","slug":"semana-whatsapp-incibe","status":"publish","type":"page","link":"https:\/\/ciudadanoconversacional.com\/es\/semana-whatsapp-incibe\/","title":{"rendered":"Semana WhatsApp"},"content":{"rendered":"<p>[et_pb_section fb_built=\u00bb1&#8243; _builder_version=\u00bb4.25.1&#8243; _module_preset=\u00bbdefault\u00bb background_color=\u00bb#185359&#8243; use_background_color_gradient=\u00bbon\u00bb background_color_gradient_direction=\u00bb93deg\u00bb background_color_gradient_stops=\u00bb#185359 51%|rgba(24,83,89,0) 100%\u00bb background_image=\u00bbhttps:\/\/ciudadanoconversacional.com\/wp-content\/uploads\/2025\/06\/banner-incibe-1.png\u00bb background_position=\u00bbbottom_center\u00bb background_blend=\u00bbmultiply\u00bb custom_padding=\u00bb||0px|||\u00bb da_disable_devices=\u00bboff|off|off\u00bb global_colors_info=\u00bb{}\u00bb da_is_popup=\u00bboff\u00bb da_exit_intent=\u00bboff\u00bb da_has_close=\u00bbon\u00bb da_alt_close=\u00bboff\u00bb da_dark_close=\u00bboff\u00bb da_not_modal=\u00bbon\u00bb da_is_singular=\u00bboff\u00bb da_with_loader=\u00bboff\u00bb da_has_shadow=\u00bbon\u00bb][et_pb_row _builder_version=\u00bb4.25.1&#8243; _module_preset=\u00bbdefault\u00bb custom_padding=\u00bb0px|||||\u00bb global_colors_info=\u00bb{}\u00bb][et_pb_column type=\u00bb4_4&#8243; _builder_version=\u00bb4.25.1&#8243; _module_preset=\u00bbdefault\u00bb global_colors_info=\u00bb{}\u00bb][et_pb_heading title=\u00bb\u00bfPor qu\u00e9 la Semana WhatsApp como motor de cambio?\u00bb _builder_version=\u00bb4.25.1&#8243; _module_preset=\u00bbdefault\u00bb title_text_align=\u00bbcenter\u00bb title_text_color=\u00bb#FFFFFF\u00bb title_font_size=\u00bb44px\u00bb locked=\u00bboff\u00bb global_colors_info=\u00bb{}\u00bb][\/et_pb_heading][\/et_pb_column][\/et_pb_row][et_pb_row _builder_version=\u00bb4.25.1&#8243; _module_preset=\u00bbdefault\u00bb custom_margin=\u00bb-27px|auto||auto||\u00bb global_colors_info=\u00bb{}\u00bb][et_pb_column type=\u00bb4_4&#8243; _builder_version=\u00bb4.25.1&#8243; _module_preset=\u00bbdefault\u00bb global_colors_info=\u00bb{}\u00bb][divi8_image_carousel divi8_sliderspcbtn=\u00bb0&#8243; divi8_autoplay=\u00bboff\u00bb divi8_auto_height=\u00bbon\u00bb divi8_nav_grab_cursor=\u00bbon\u00bb divi8_pagi_bullet_color=\u00bb#f4f4f4&#8243; divi8_effect_slidestretch=\u00bb1&#8243; divi8_effect_slidedepth=\u00bb256&#8243; divi8_icon_size=\u00bb60&#8243; divi8_arrow_padding=\u00bb1&#8243; divi8_arrow_padding_hover=\u00bb26&#8243; divi8_arrow_border_radius=\u00bb27&#8243; divi8_arrow_color=\u00bb#f4f4f4&#8243; divi8_arrow_color_hover=\u00bb#FFFFFF\u00bb divi8_arrow_background=\u00bbRGBA(255,255,255,0)\u00bb divi8_arrow_background_hover=\u00bbRGBA(255,255,255,0)\u00bb disabled_on=\u00bboff|off|off\u00bb _builder_version=\u00bb4.25.1&#8243; _module_preset=\u00bbdefault\u00bb heading_text_color=\u00bbRGBA(255,255,255,0)\u00bb sub_heading_text_color=\u00bbRGBA(255,255,255,0)\u00bb custom_margin=\u00bb||-29px|-195px|false|false\u00bb custom_margin_tablet=\u00bb|||0px|false|false\u00bb custom_margin_phone=\u00bb|||0px|false|false\u00bb custom_margin_last_edited=\u00bbon|desktop\u00bb custom_padding=\u00bb||0px|0px|false|false\u00bb border_color_all_text_border=\u00bbRGBA(255,255,255,0)\u00bb locked=\u00bboff\u00bb global_colors_info=\u00bb{}\u00bb][divi8_image_carousel_item img=\u00bbhttps:\/\/ciudadanoconversacional.com\/wp-content\/uploads\/2025\/07\/Presentacion-Captacion-entidades-INCIBE-1.png\u00bb _builder_version=\u00bb4.25.1&#8243; _module_preset=\u00bbdefault\u00bb text_font=\u00bb|700|||||||\u00bb text_text_color=\u00bbRGBA(255,255,255,0)\u00bb text_font_size=\u00bb19px\u00bb content_text_color=\u00bbRGBA(255,255,255,0)\u00bb content_font_size=\u00bb15px\u00bb global_colors_info=\u00bb{}\u00bb][\/divi8_image_carousel_item][divi8_image_carousel_item img=\u00bbhttps:\/\/ciudadanoconversacional.com\/wp-content\/uploads\/2025\/07\/Presentacion-Captacion-entidades-INCIBE.png\u00bb _builder_version=\u00bb4.25.1&#8243; _module_preset=\u00bbdefault\u00bb text_font=\u00bb|700|||||||\u00bb text_text_color=\u00bbRGBA(255,255,255,0)\u00bb text_font_size=\u00bb19px\u00bb content_text_color=\u00bbRGBA(255,255,255,0)\u00bb content_font_size=\u00bb15px\u00bb global_colors_info=\u00bb{}\u00bb][\/divi8_image_carousel_item][divi8_image_carousel_item img=\u00bbhttps:\/\/ciudadanoconversacional.com\/wp-content\/uploads\/2025\/07\/Presentacion-Captacion-entidades-INCIBE-2-copy.jpg\u00bb _builder_version=\u00bb4.25.1&#8243; _module_preset=\u00bbdefault\u00bb text_font=\u00bb|700|||||||\u00bb text_text_color=\u00bbRGBA(255,255,255,0)\u00bb text_font_size=\u00bb19px\u00bb content_text_color=\u00bbRGBA(255,255,255,0)\u00bb content_font_size=\u00bb15px\u00bb global_colors_info=\u00bb{}\u00bb][\/divi8_image_carousel_item][divi8_image_carousel_item img=\u00bbhttps:\/\/ciudadanoconversacional.com\/wp-content\/uploads\/2025\/07\/2Presentacion-Captacion-entidades-INCIBE-2-copy.jpg\u00bb _builder_version=\u00bb4.25.1&#8243; _module_preset=\u00bbdefault\u00bb text_font=\u00bb|700|||||||\u00bb text_text_color=\u00bbRGBA(255,255,255,0)\u00bb text_font_size=\u00bb19px\u00bb content_text_color=\u00bbRGBA(255,255,255,0)\u00bb content_font_size=\u00bb15px\u00bb global_colors_info=\u00bb{}\u00bb][\/divi8_image_carousel_item][divi8_image_carousel_item img=\u00bbhttps:\/\/ciudadanoconversacional.com\/wp-content\/uploads\/2025\/07\/Presentacion-Captacion-entidades-INCIBE-2.png\u00bb _builder_version=\u00bb4.25.1&#8243; _module_preset=\u00bbdefault\u00bb text_font=\u00bb|700|||||||\u00bb text_text_color=\u00bbRGBA(255,255,255,0)\u00bb text_font_size=\u00bb19px\u00bb content_text_color=\u00bbRGBA(255,255,255,0)\u00bb content_font_size=\u00bb15px\u00bb global_colors_info=\u00bb{}\u00bb][\/divi8_image_carousel_item][\/divi8_image_carousel][\/et_pb_column][\/et_pb_row][et_pb_row _builder_version=\u00bb4.25.1&#8243; _module_preset=\u00bbdefault\u00bb column_structure=\u00bb1_2,1_2&#8243;][et_pb_column _builder_version=\u00bb4.25.1&#8243; _module_preset=\u00bbdefault\u00bb type=\u00bb1_2&#8243;][et_pb_button button_url=\u00bbhttps:\/\/api.whatsapp.com\/send\/?phone=34915475371&#038;text=Hola+quiero+m%C3%A1s+informaci%C3%B3n+&#038;type=phone_number&#038;app_absent=0&#8243; button_text=\u00bbSolicita tu semana\u00bb button_alignment=\u00bbcenter\u00bb _builder_version=\u00bb4.25.1&#8243; _module_preset=\u00bbdefault\u00bb custom_button=\u00bbon\u00bb button_text_color=\u00bb#FFFFFF\u00bb button_border_color=\u00bb#FFFFFF\u00bb custom_margin=\u00bb-6px||||false|false\u00bb hover_enabled=\u00bb0&#8243; global_colors_info=\u00bb{}\u00bb sticky_enabled=\u00bb0&#8243;][\/et_pb_button][\/et_pb_column][et_pb_column _builder_version=\u00bb4.25.1&#8243; _module_preset=\u00bbdefault\u00bb type=\u00bb1_2&#8243;][et_pb_button button_url=\u00bbhttps:\/\/eventos.ciudadanoconversacional.com\/events\u00bb button_text=\u00bbAsiste a una iniciativa\u00bb button_alignment=\u00bbcenter\u00bb _builder_version=\u00bb4.25.1&#8243; _module_preset=\u00bbdefault\u00bb custom_button=\u00bbon\u00bb button_text_color=\u00bb#FFFFFF\u00bb button_border_color=\u00bb#FFFFFF\u00bb custom_margin=\u00bb-6px||||false|false\u00bb hover_enabled=\u00bb0&#8243; global_colors_info=\u00bb{}\u00bb sticky_enabled=\u00bb0&#8243;][\/et_pb_button][\/et_pb_column][\/et_pb_row][\/et_pb_section][et_pb_section fb_built=\u00bb1&#8243; _builder_version=\u00bb4.25.1&#8243; _module_preset=\u00bbdefault\u00bb background_image=\u00bbhttps:\/\/ciudadanoconversacional.com\/wp-content\/uploads\/2025\/05\/Banda-de-logos-INICBE-Emprende@3x-1.png\u00bb background_size=\u00bbcontain\u00bb background_position=\u00bbtop_center\u00bb custom_padding=\u00bb||0px|||\u00bb da_disable_devices=\u00bboff|off|off\u00bb global_colors_info=\u00bb{}\u00bb da_is_popup=\u00bboff\u00bb da_exit_intent=\u00bboff\u00bb da_has_close=\u00bbon\u00bb da_alt_close=\u00bboff\u00bb da_dark_close=\u00bboff\u00bb da_not_modal=\u00bbon\u00bb da_is_singular=\u00bboff\u00bb da_with_loader=\u00bboff\u00bb da_has_shadow=\u00bbon\u00bb][\/et_pb_section][et_pb_section fb_built=\u00bb1&#8243; _builder_version=\u00bb4.25.1&#8243; _module_preset=\u00bbdefault\u00bb background_color=\u00bb#f4f4f4&#8243; custom_padding=\u00bb2px|||||\u00bb da_disable_devices=\u00bboff|off|off\u00bb global_colors_info=\u00bb{}\u00bb da_is_popup=\u00bboff\u00bb da_exit_intent=\u00bboff\u00bb da_has_close=\u00bbon\u00bb da_alt_close=\u00bboff\u00bb da_dark_close=\u00bboff\u00bb da_not_modal=\u00bbon\u00bb da_is_singular=\u00bboff\u00bb da_with_loader=\u00bboff\u00bb da_has_shadow=\u00bbon\u00bb][et_pb_row _builder_version=\u00bb4.25.1&#8243; _module_preset=\u00bbdefault\u00bb custom_margin=\u00bb|auto|-2px|auto||\u00bb global_colors_info=\u00bb{}\u00bb][et_pb_column type=\u00bb4_4&#8243; _builder_version=\u00bb4.25.1&#8243; _module_preset=\u00bbdefault\u00bb global_colors_info=\u00bb{}\u00bb][et_pb_text _builder_version=\u00bb4.25.1&#8243; _module_preset=\u00bbdefault\u00bb custom_margin=\u00bb||2px|||\u00bb global_colors_info=\u00bb{}\u00bb]<\/p>\n<h1 style=\"text-align: center;\">\u00bfQu\u00e9 es la Semana WhatsApp?<\/h1>\n<p>[\/et_pb_text][et_pb_text _builder_version=\u00bb4.25.1&#8243; text_font=\u00bb||||||||\u00bb text_font_size=\u00bb16px\u00bb header_font=\u00bb||||||||\u00bb header_2_font=\u00bbRoboto|300|||||||\u00bb header_2_font_size=\u00bb50px\u00bb header_2_line_height=\u00bb1.4em\u00bb text_orientation=\u00bbcenter\u00bb header_2_font_size_tablet=\u00bb40px\u00bb header_2_font_size_phone=\u00bb32px\u00bb header_2_font_size_last_edited=\u00bbon|phone\u00bb locked=\u00bboff\u00bb global_colors_info=\u00bb{}\u00bb]Semana de actividades orientadas a reducir la brecha digital, mejorar la empleabilidad, promover el reciclaje profesional, potenciar el emprendimiento y reforzar el arraigo en el territorio, mediante el uso de WhatsApp de tercera generaci\u00f3n.<\/p>\n<p>Bajo el enfoque de una ciudadan\u00eda ciber-responsable, estas iniciativas est\u00e1n dirigidas:[\/et_pb_text][\/et_pb_column][\/et_pb_row][et_pb_row column_structure=\u00bb1_6,1_6,1_6,1_6,1_6,1_6&#8243; _builder_version=\u00bb4.25.1&#8243; _module_preset=\u00bbdefault\u00bb global_colors_info=\u00bb{}\u00bb][et_pb_column type=\u00bb1_6&#8243; _builder_version=\u00bb4.25.1&#8243; _module_preset=\u00bbdefault\u00bb global_colors_info=\u00bb{}\u00bb][et_pb_icon font_icon=\u00bb&#xf0c0;||fa||900&#8243; icon_color=\u00bb#185359&#8243; icon_width=\u00bb25px\u00bb _builder_version=\u00bb4.25.1&#8243; _module_preset=\u00bbdefault\u00bb global_colors_info=\u00bb{}\u00bb][\/et_pb_icon][et_pb_text _builder_version=\u00bb4.25.1&#8243; text_font=\u00bb||||||||\u00bb header_font=\u00bb||||||||\u00bb header_2_font=\u00bbRoboto|300|||||||\u00bb header_2_font_size=\u00bb50px\u00bb header_2_line_height=\u00bb1.4em\u00bb text_orientation=\u00bbcenter\u00bb custom_margin=\u00bb-20px||||false|false\u00bb header_2_font_size_tablet=\u00bb40px\u00bb header_2_font_size_phone=\u00bb32px\u00bb header_2_font_size_last_edited=\u00bbon|phone\u00bb locked=\u00bboff\u00bb global_colors_info=\u00bb{}\u00bb]<\/p>\n<p>Ciudadan\u00eda en general<\/p>\n<p>[\/et_pb_text][\/et_pb_column][et_pb_column type=\u00bb1_6&#8243; _builder_version=\u00bb4.25.1&#8243; _module_preset=\u00bbdefault\u00bb global_colors_info=\u00bb{}\u00bb][et_pb_icon font_icon=\u00bb&#xf502;||fa||900&#8243; icon_color=\u00bb#185359&#8243; icon_width=\u00bb25px\u00bb _builder_version=\u00bb4.25.1&#8243; _module_preset=\u00bbdefault\u00bb global_colors_info=\u00bb{}\u00bb][\/et_pb_icon][et_pb_text _builder_version=\u00bb4.25.1&#8243; text_font=\u00bb||||||||\u00bb header_font=\u00bb||||||||\u00bb header_2_font=\u00bbRoboto|300|||||||\u00bb header_2_font_size=\u00bb50px\u00bb header_2_line_height=\u00bb1.4em\u00bb text_orientation=\u00bbcenter\u00bb custom_margin=\u00bb-20px||||false|false\u00bb header_2_font_size_tablet=\u00bb40px\u00bb header_2_font_size_phone=\u00bb32px\u00bb header_2_font_size_last_edited=\u00bbon|phone\u00bb locked=\u00bboff\u00bb global_colors_info=\u00bb{}\u00bb]<\/p>\n<p>Alcaldes, concejales, etc<\/p>\n<p>[\/et_pb_text][\/et_pb_column][et_pb_column type=\u00bb1_6&#8243; _builder_version=\u00bb4.25.1&#8243; _module_preset=\u00bbdefault\u00bb global_colors_info=\u00bb{}\u00bb][et_pb_icon font_icon=\u00bb&#xf502;||fa||900&#8243; icon_color=\u00bb#185359&#8243; icon_width=\u00bb25px\u00bb _builder_version=\u00bb4.25.1&#8243; _module_preset=\u00bbdefault\u00bb global_colors_info=\u00bb{}\u00bb][\/et_pb_icon][et_pb_text _builder_version=\u00bb4.25.1&#8243; text_font=\u00bb||||||||\u00bb header_font=\u00bb||||||||\u00bb header_2_font=\u00bbRoboto|300|||||||\u00bb header_2_font_size=\u00bb50px\u00bb header_2_line_height=\u00bb1.4em\u00bb text_orientation=\u00bbcenter\u00bb custom_margin=\u00bb-20px||||false|false\u00bb header_2_font_size_tablet=\u00bb40px\u00bb header_2_font_size_phone=\u00bb32px\u00bb header_2_font_size_last_edited=\u00bbon|phone\u00bb locked=\u00bboff\u00bb global_colors_info=\u00bb{}\u00bb]<\/p>\n<p>Administraciones locales<\/p>\n<p>[\/et_pb_text][\/et_pb_column][et_pb_column type=\u00bb1_6&#8243; _builder_version=\u00bb4.25.1&#8243; _module_preset=\u00bbdefault\u00bb global_colors_info=\u00bb{}\u00bb][et_pb_icon font_icon=\u00bb&#xf505;||fa||900&#8243; icon_color=\u00bb#185359&#8243; icon_width=\u00bb25px\u00bb _builder_version=\u00bb4.25.1&#8243; _module_preset=\u00bbdefault\u00bb global_colors_info=\u00bb{}\u00bb][\/et_pb_icon][et_pb_text _builder_version=\u00bb4.25.1&#8243; text_font=\u00bb||||||||\u00bb header_font=\u00bb||||||||\u00bb header_2_font=\u00bbRoboto|300|||||||\u00bb header_2_font_size=\u00bb50px\u00bb header_2_line_height=\u00bb1.4em\u00bb text_orientation=\u00bbcenter\u00bb custom_margin=\u00bb-20px||||false|false\u00bb header_2_font_size_tablet=\u00bb40px\u00bb header_2_font_size_phone=\u00bb32px\u00bb header_2_font_size_last_edited=\u00bbon|phone\u00bb locked=\u00bboff\u00bb global_colors_info=\u00bb{}\u00bb]<\/p>\n<p>Fuerzas y Cuerpos de Seguridad del Estado<\/p>\n<p>[\/et_pb_text][\/et_pb_column][et_pb_column type=\u00bb1_6&#8243; _builder_version=\u00bb4.25.1&#8243; _module_preset=\u00bbdefault\u00bb global_colors_info=\u00bb{}\u00bb][et_pb_icon font_icon=\u00bb&#xf501;||fa||900&#8243; icon_color=\u00bb#185359&#8243; icon_width=\u00bb25px\u00bb _builder_version=\u00bb4.25.1&#8243; _module_preset=\u00bbdefault\u00bb global_colors_info=\u00bb{}\u00bb][\/et_pb_icon][et_pb_text _builder_version=\u00bb4.25.1&#8243; text_font=\u00bb||||||||\u00bb header_font=\u00bb||||||||\u00bb header_2_font=\u00bbRoboto|300|||||||\u00bb header_2_font_size=\u00bb50px\u00bb header_2_line_height=\u00bb1.4em\u00bb text_orientation=\u00bbcenter\u00bb custom_margin=\u00bb-20px||||false|false\u00bb header_2_font_size_tablet=\u00bb40px\u00bb header_2_font_size_phone=\u00bb32px\u00bb header_2_font_size_last_edited=\u00bbon|phone\u00bb locked=\u00bboff\u00bb global_colors_info=\u00bb{}\u00bb]<\/p>\n<p>Estudiantes y emprendedores<\/p>\n<p>[\/et_pb_text][\/et_pb_column][et_pb_column type=\u00bb1_6&#8243; _builder_version=\u00bb4.25.1&#8243; _module_preset=\u00bbdefault\u00bb global_colors_info=\u00bb{}\u00bb][et_pb_icon font_icon=\u00bb&#xf4fc;||fa||900&#8243; icon_color=\u00bb#185359&#8243; icon_width=\u00bb25px\u00bb _builder_version=\u00bb4.25.1&#8243; _module_preset=\u00bbdefault\u00bb global_colors_info=\u00bb{}\u00bb][\/et_pb_icon][et_pb_text _builder_version=\u00bb4.25.1&#8243; text_font=\u00bb||||||||\u00bb header_font=\u00bb||||||||\u00bb header_2_font=\u00bbRoboto|300|||||||\u00bb header_2_font_size=\u00bb50px\u00bb header_2_line_height=\u00bb1.4em\u00bb text_orientation=\u00bbcenter\u00bb custom_margin=\u00bb-20px||||false|false\u00bb header_2_font_size_tablet=\u00bb40px\u00bb header_2_font_size_phone=\u00bb32px\u00bb header_2_font_size_last_edited=\u00bbon|phone\u00bb locked=\u00bboff\u00bb global_colors_info=\u00bb{}\u00bb]<\/p>\n<p>Comercios, empresas y tercer sector<\/p>\n<p>[\/et_pb_text][\/et_pb_column][\/et_pb_row][et_pb_row _builder_version=\u00bb4.25.1&#8243; _module_preset=\u00bbdefault\u00bb global_colors_info=\u00bb{}\u00bb][et_pb_column type=\u00bb4_4&#8243; _builder_version=\u00bb4.25.1&#8243; _module_preset=\u00bbdefault\u00bb global_colors_info=\u00bb{}\u00bb][et_pb_button button_url=\u00bbhttps:\/\/www.canva.com\/design\/DAGskJPnZzg\/8yFVZsR-gOTHzCKYVE522g\/view?utm_content=DAGskJPnZzg&#038;utm_campaign=designshare&#038;utm_medium=link2&#038;utm_source=uniquelinks&#038;utlId=hd4b9934ecc\u00bb url_new_window=\u00bbon\u00bb button_text=\u00bbAccede al dossier del proyecto\u00bb button_alignment=\u00bbcenter\u00bb _builder_version=\u00bb4.25.1&#8243; _module_preset=\u00bbdefault\u00bb custom_button=\u00bbon\u00bb button_text_color=\u00bb#185359&#8243; global_colors_info=\u00bb{}\u00bb][\/et_pb_button][\/et_pb_column][\/et_pb_row][\/et_pb_section][et_pb_section fb_built=\u00bb1&#8243; _builder_version=\u00bb4.25.1&#8243; _module_preset=\u00bbdefault\u00bb custom_padding=\u00bb||0px|||\u00bb da_disable_devices=\u00bboff|off|off\u00bb global_colors_info=\u00bb{}\u00bb da_is_popup=\u00bboff\u00bb da_exit_intent=\u00bboff\u00bb da_has_close=\u00bbon\u00bb da_alt_close=\u00bboff\u00bb da_dark_close=\u00bboff\u00bb da_not_modal=\u00bbon\u00bb da_is_singular=\u00bboff\u00bb da_with_loader=\u00bboff\u00bb da_has_shadow=\u00bbon\u00bb][et_pb_row _builder_version=\u00bb4.25.1&#8243; _module_preset=\u00bbdefault\u00bb custom_margin=\u00bb|auto|-2px|auto||\u00bb global_colors_info=\u00bb{}\u00bb][et_pb_column type=\u00bb4_4&#8243; _builder_version=\u00bb4.25.1&#8243; _module_preset=\u00bbdefault\u00bb global_colors_info=\u00bb{}\u00bb][et_pb_text _builder_version=\u00bb4.25.1&#8243; _module_preset=\u00bbdefault\u00bb custom_margin=\u00bb||2px|||\u00bb global_colors_info=\u00bb{}\u00bb]<\/p>\n<h1 style=\"text-align: center;\">\u00bfQui\u00e9n la organiza?<\/h1>\n<p>[\/et_pb_text][\/et_pb_column][\/et_pb_row][\/et_pb_section][et_pb_section fb_built=\u00bb1&#8243; specialty=\u00bbon\u00bb _builder_version=\u00bb4.25.1&#8243; _module_preset=\u00bbdefault\u00bb custom_padding=\u00bb0px|||||\u00bb da_disable_devices=\u00bboff|off|off\u00bb global_colors_info=\u00bb{}\u00bb da_is_popup=\u00bboff\u00bb da_exit_intent=\u00bboff\u00bb da_has_close=\u00bbon\u00bb da_alt_close=\u00bboff\u00bb da_dark_close=\u00bboff\u00bb da_not_modal=\u00bbon\u00bb da_is_singular=\u00bboff\u00bb da_with_loader=\u00bboff\u00bb da_has_shadow=\u00bbon\u00bb][et_pb_column type=\u00bb1_2&#8243; specialty_columns=\u00bb2&#8243; _builder_version=\u00bb4.16&#8243; custom_padding=\u00bb|||\u00bb global_colors_info=\u00bb{}\u00bb custom_padding__hover=\u00bb|||\u00bb][et_pb_row_inner column_structure=\u00bb1_2,1_2&#8243; _builder_version=\u00bb4.25.1&#8243; _module_preset=\u00bbdefault\u00bb global_colors_info=\u00bb{}\u00bb][et_pb_column_inner type=\u00bb1_2&#8243; saved_specialty_column_type=\u00bb1_2&#8243; _builder_version=\u00bb4.25.1&#8243; _module_preset=\u00bbdefault\u00bb global_colors_info=\u00bb{}\u00bb][et_pb_image src=\u00bbhttps:\/\/ciudadanoconversacional.com\/wp-content\/uploads\/2025\/07\/ciudadano-conversacional-logo-1.png\u00bb title_text=\u00bbciudadano-conversacional-logo\u00bb align=\u00bbcenter\u00bb _builder_version=\u00bb4.25.1&#8243; _module_preset=\u00bbdefault\u00bb width=\u00bb60%\u00bb global_colors_info=\u00bb{}\u00bb][\/et_pb_image][\/et_pb_column_inner][et_pb_column_inner type=\u00bb1_2&#8243; saved_specialty_column_type=\u00bb1_2&#8243; _builder_version=\u00bb4.25.1&#8243; _module_preset=\u00bbdefault\u00bb global_colors_info=\u00bb{}\u00bb][et_pb_image src=\u00bbhttps:\/\/ciudadanoconversacional.com\/wp-content\/uploads\/2024\/05\/incibe-entidad-colaboradora.png\u00bb alt=\u00bbINCIBE Entidad Colaboradora\u00bb title_text=\u00bbINCIBE Entidad Colaboradora\u00bb _builder_version=\u00bb4.25.1&#8243; _module_preset=\u00bbdefault\u00bb width=\u00bb60%\u00bb global_colors_info=\u00bb{}\u00bb][\/et_pb_image][\/et_pb_column_inner][\/et_pb_row_inner][et_pb_row_inner _builder_version=\u00bb4.25.1&#8243; _module_preset=\u00bbdefault\u00bb custom_padding=\u00bb2px|||||\u00bb global_colors_info=\u00bb{}\u00bb][et_pb_column_inner saved_specialty_column_type=\u00bb1_2&#8243; _builder_version=\u00bb4.25.1&#8243; _module_preset=\u00bbdefault\u00bb global_colors_info=\u00bb{}\u00bb][et_pb_text _builder_version=\u00bb4.25.1&#8243; text_font=\u00bb||||||||\u00bb text_font_size=\u00bb16px\u00bb header_font=\u00bb||||||||\u00bb header_2_font=\u00bbRoboto|300|||||||\u00bb header_2_font_size=\u00bb50px\u00bb header_2_line_height=\u00bb1.4em\u00bb text_orientation=\u00bbcenter\u00bb header_2_font_size_tablet=\u00bb40px\u00bb header_2_font_size_phone=\u00bb32px\u00bb header_2_font_size_last_edited=\u00bbon|phone\u00bb locked=\u00bboff\u00bb global_colors_info=\u00bb{}\u00bb]<\/p>\n<p style=\"text-align: left;\"><strong>Ciudadano Conversacional<\/strong>, como <strong><a href=\"https:\/\/workdrive.zohopublic.eu\/external\/ea030e5d0a205bbf8f7b5832f67fc3cf92f893eddc9b69ffc37a27c74a0e91bb\">entidad colaboradora de INCIBE Emprende<\/a><\/strong>, contribuye al fortalecimiento del tejido empresarial y de la ciudadan\u00eda mediante la promoci\u00f3n del negocio conversacional seguro.<\/p>\n<p style=\"text-align: left;\">Nuestro enfoque est\u00e1 en capacitar a pymes, profesionales y administraciones p\u00fablicas en el uso responsable y estrat\u00e9gico de canales como WhatsApp, facilitando la digitalizaci\u00f3n accesible, el emprendimiento tecnol\u00f3gico y la atenci\u00f3n al cliente o al ciudadano a trav\u00e9s de herramientas conversacionales.<\/p>\n<p style=\"text-align: left;\">Este proyecto forma parte del Programa de Impulso a la Industria de la Ciberseguridad Nacional y se traduce, en la realizaci\u00f3n de<strong> 134 iniciativas por todo el territorio nacional<\/strong>, con el objetivo de acercar la digitalizaci\u00f3n conversacional segura a pymes, ciudadan\u00eda y administraciones locales.<\/p>\n<p>[\/et_pb_text][\/et_pb_column_inner][\/et_pb_row_inner][\/et_pb_column][et_pb_column type=\u00bb1_2&#8243; _builder_version=\u00bb4.16&#8243; custom_padding=\u00bb|||\u00bb global_colors_info=\u00bb{}\u00bb custom_padding__hover=\u00bb|||\u00bb][et_pb_image src=\u00bbhttps:\/\/ciudadanoconversacional.com\/wp-content\/uploads\/2025\/07\/ProvinciasObjetivo_INCIBE_Emprende.png\u00bb title_text=\u00bbProvinciasObjetivo_INCIBE_Emprende\u00bb _builder_version=\u00bb4.25.1&#8243; _module_preset=\u00bbdefault\u00bb global_colors_info=\u00bb{}\u00bb][\/et_pb_image][et_pb_text _builder_version=\u00bb4.25.1&#8243; text_font=\u00bb||||||||\u00bb text_font_size=\u00bb16px\u00bb header_font=\u00bb||||||||\u00bb header_2_font=\u00bbRoboto|300|||||||\u00bb header_2_font_size=\u00bb50px\u00bb header_2_line_height=\u00bb1.4em\u00bb text_orientation=\u00bbcenter\u00bb header_2_font_size_tablet=\u00bb40px\u00bb header_2_font_size_phone=\u00bb32px\u00bb header_2_font_size_last_edited=\u00bbon|phone\u00bb locked=\u00bboff\u00bb global_colors_info=\u00bb{}\u00bb]Provincias objetivo[\/et_pb_text][\/et_pb_column][\/et_pb_section][et_pb_section fb_built=\u00bb1&#8243; _builder_version=\u00bb4.25.1&#8243; _module_preset=\u00bbdefault\u00bb background_color=\u00bb#f4f4f4&#8243; custom_padding=\u00bb2px|||||\u00bb da_disable_devices=\u00bboff|off|off\u00bb global_colors_info=\u00bb{}\u00bb da_is_popup=\u00bboff\u00bb da_exit_intent=\u00bboff\u00bb da_has_close=\u00bbon\u00bb da_alt_close=\u00bboff\u00bb da_dark_close=\u00bboff\u00bb da_not_modal=\u00bbon\u00bb da_is_singular=\u00bboff\u00bb da_with_loader=\u00bboff\u00bb da_has_shadow=\u00bbon\u00bb][et_pb_row _builder_version=\u00bb4.25.1&#8243; _module_preset=\u00bbdefault\u00bb custom_margin=\u00bb|auto|-2px|auto||\u00bb global_colors_info=\u00bb{}\u00bb][et_pb_column type=\u00bb4_4&#8243; _builder_version=\u00bb4.25.1&#8243; _module_preset=\u00bbdefault\u00bb global_colors_info=\u00bb{}\u00bb][et_pb_text _builder_version=\u00bb4.25.1&#8243; _module_preset=\u00bbdefault\u00bb custom_margin=\u00bb||2px|||\u00bb global_colors_info=\u00bb{}\u00bb]<\/p>\n<h1 style=\"text-align: center;\">Tipos de iniciativas<\/h1>\n<p>[\/et_pb_text][et_pb_text _builder_version=\u00bb4.25.1&#8243; text_font=\u00bb||||||||\u00bb text_font_size=\u00bb16px\u00bb header_font=\u00bb||||||||\u00bb header_2_font=\u00bbRoboto|300|||||||\u00bb header_2_font_size=\u00bb50px\u00bb header_2_line_height=\u00bb1.4em\u00bb text_orientation=\u00bbcenter\u00bb header_2_font_size_tablet=\u00bb40px\u00bb header_2_font_size_phone=\u00bb32px\u00bb header_2_font_size_last_edited=\u00bbon|phone\u00bb locked=\u00bboff\u00bb global_colors_info=\u00bb{}\u00bb]Una semana completa de actividades para conectar a los ciudadanos con la administraci\u00f3n local[\/et_pb_text][\/et_pb_column][\/et_pb_row][et_pb_row column_structure=\u00bb1_3,1_3,1_3&#8243; _builder_version=\u00bb4.25.1&#8243; _module_preset=\u00bbdefault\u00bb global_colors_info=\u00bb{}\u00bb][et_pb_column type=\u00bb1_3&#8243; _builder_version=\u00bb4.25.1&#8243; _module_preset=\u00bbdefault\u00bb global_colors_info=\u00bb{}\u00bb][et_pb_blurb title=\u00bbCharlas\u00bb image=\u00bbhttps:\/\/ciudadanoconversacional.com\/wp-content\/uploads\/2025\/06\/Charla_CEEI_Valencia-scaled-1.jpg\u00bb _builder_version=\u00bb4.25.1&#8243; _module_preset=\u00bbdefault\u00bb header_text_color=\u00bb#185359&#8243; global_colors_info=\u00bb{}\u00bb]<\/p>\n<p>Sesiones de 2 horas (1h informativa + 1h de preguntas) impartidas por un experto para grupos de m\u00ednimo 15 personas. Abordan el uso seguro de WhatsApp para mejorar la comunicaci\u00f3n, automatizar procesos y aumentar la eficiencia en diferentes \u00e1mbitos<\/p>\n<p>[\/et_pb_blurb][et_pb_text _builder_version=\u00bb4.25.1&#8243; _module_preset=\u00bbdefault\u00bb text_text_color=\u00bb#185359&#8243; global_colors_info=\u00bb{}\u00bb]<\/p>\n<p><i class=\"fa-regular fa-clock\"><\/i>\u00a0 <strong>Duraci\u00f3n:<\/strong> Charla de 1h. + 1h de interactuaci\u00f3n<\/p>\n<p><i class=\"fa-solid fa-people-group\"><\/i><strong>\u00a0Asistentes: <\/strong>Grupo minimo de 15 personas<\/p>\n<p>[\/et_pb_text][et_pb_toggle title=\u00bbTem\u00e1ticas de Charlas\u00bb open_toggle_text_color=\u00bb#FFFFFF\u00bb open_toggle_background_color=\u00bb#185359&#8243; closed_toggle_text_color=\u00bb#FFFFFF\u00bb closed_toggle_background_color=\u00bb#185359&#8243; icon_color=\u00bb#FFFFFF\u00bb open_icon_color=\u00bb#FFFFFF\u00bb _builder_version=\u00bb4.25.1&#8243; _module_preset=\u00bbdefault\u00bb title_text_color=\u00bb#FFFFFF\u00bb body_text_color=\u00bb#FFFFFF\u00bb custom_padding=\u00bb|20px||||\u00bb border_color_all=\u00bb#185359&#8243; global_colors_info=\u00bb{}\u00bb]<\/p>\n<ol>\n<li><strong><span class=\"OYPEnA font-feature-liga-off font-feature-clig-off font-feature-calt-off text-decoration-none text-strikethrough-none\">Aprende todo sobre WhatsApp<\/span><\/strong>\n<ul>\n<li style=\"list-style-type: none;\">\n<ul>\n<li><span class=\"OYPEnA font-feature-liga-off font-feature-clig-off font-feature-calt-off text-decoration-none text-strikethrough-none\">Dirigida a personas mayores, estudiantes, ciudadan\u00eda<\/span><\/li>\n<\/ul>\n<\/li>\n<\/ul>\n<\/li>\n<li><strong><span class=\"OYPEnA font-feature-liga-off font-feature-clig-off font-feature-calt-off text-decoration-none text-strikethrough-none\">WhatsApp y FFCCSE<\/span><\/strong>\n<ul>\n<li style=\"list-style-type: none;\">\n<ul>\n<li><span class=\"OYPEnA font-feature-liga-off font-feature-clig-off font-feature-calt-off text-decoration-none text-strikethrough-none\">Personal de FFCCSE<\/span><\/li>\n<\/ul>\n<\/li>\n<\/ul>\n<\/li>\n<li><strong><span class=\"OYPEnA font-feature-liga-off font-feature-clig-off font-feature-calt-off text-decoration-none text-strikethrough-none\">Vende a trav\u00e9s de WhatsApp<\/span><\/strong>\n<ul>\n<li style=\"list-style-type: none;\">\n<ul>\n<li><span class=\"OYPEnA font-feature-liga-off font-feature-clig-off font-feature-calt-off text-decoration-none text-strikethrough-none\">Emprendedores, empresarios<\/span><\/li>\n<\/ul>\n<\/li>\n<\/ul>\n<\/li>\n<li><strong><span class=\"OYPEnA font-feature-liga-off font-feature-clig-off font-feature-calt-off text-decoration-none text-strikethrough-none\">Creaci\u00f3n de asistentes con WhatsApp + IA<\/span><\/strong>\n<ul>\n<li style=\"list-style-type: none;\">\n<ul>\n<li><span class=\"OYPEnA font-feature-liga-off font-feature-clig-off font-feature-calt-off text-decoration-none text-strikethrough-none\">Emprendedores, empresarios, AAPP<\/span><\/li>\n<\/ul>\n<\/li>\n<\/ul>\n<\/li>\n<\/ol>\n<p>[\/et_pb_toggle][\/et_pb_column][et_pb_column type=\u00bb1_3&#8243; _builder_version=\u00bb4.25.1&#8243; _module_preset=\u00bbdefault\u00bb global_colors_info=\u00bb{}\u00bb][et_pb_blurb title=\u00bbTalleres\u00bb image=\u00bbhttps:\/\/ciudadanoconversacional.com\/wp-content\/uploads\/2024\/07\/Taller_1-scaled.jpg\u00bb _builder_version=\u00bb4.25.1&#8243; _module_preset=\u00bbdefault\u00bb global_colors_info=\u00bb{}\u00bb]<\/p>\n<p>Formaciones te\u00f3rico\/pr\u00e1cticas impartidas por varios expertos, para un grupo m\u00ednimo de 20 personas, con una pausa para comer y networking. Estas iniciativas est\u00e1n dise\u00f1adas para capacitar en el uso de tecnolog\u00edas conversacionales como WhatsApp, ChatGPT, etc.<\/p>\n<p>[\/et_pb_blurb][et_pb_text _builder_version=\u00bb4.25.1&#8243; _module_preset=\u00bbdefault\u00bb text_text_color=\u00bb#185359&#8243; global_colors_info=\u00bb{}\u00bb]<\/p>\n<p><i class=\"fa-regular fa-clock\"><\/i>\u00a0 <strong>Duraci\u00f3n:<\/strong> F<span class=\"OYPEnA font-feature-liga-off font-feature-clig-off font-feature-calt-off text-decoration-none text-strikethrough-none\">ormaci\u00f3n de 8 h. Te\u00f3rico\/pr\u00e1ctica<\/span><span class=\"OYPEnA font-feature-liga-off font-feature-clig-off font-feature-calt-off text-decoration-none text-strikethrough-none\"> <\/span><\/p>\n<p><i class=\"fa-solid fa-people-group\"><\/i><strong>\u00a0Asistentes: <\/strong>Grupo m\u00ednimo de 20 personas<\/p>\n<p>[\/et_pb_text][et_pb_toggle title=\u00bbTem\u00e1ticas de Talleres\u00bb open_toggle_text_color=\u00bb#FFFFFF\u00bb open_toggle_background_color=\u00bb#185359&#8243; closed_toggle_text_color=\u00bb#FFFFFF\u00bb closed_toggle_background_color=\u00bb#185359&#8243; icon_color=\u00bb#FFFFFF\u00bb open_icon_color=\u00bb#FFFFFF\u00bb _builder_version=\u00bb4.25.1&#8243; _module_preset=\u00bbdefault\u00bb title_text_color=\u00bb#FFFFFF\u00bb body_text_color=\u00bb#FFFFFF\u00bb border_color_all=\u00bb#185359&#8243; global_colors_info=\u00bb{}\u00bb]<\/p>\n<ol>\n<li><strong><span class=\"OYPEnA font-feature-liga-off font-feature-clig-off font-feature-calt-off text-decoration-none text-strikethrough-none\">Usos de WhatsApp seguro en las administraciones locales<\/span><\/strong>\n<ul>\n<li style=\"list-style-type: none;\">\n<ul>\n<li><span class=\"OYPEnA font-feature-liga-off font-feature-clig-off font-feature-calt-off text-decoration-none text-strikethrough-none\">Dirigida a empleados de administraciones p\u00fablicas<\/span><\/li>\n<\/ul>\n<\/li>\n<\/ul>\n<\/li>\n<li><strong><span class=\"a_GcMg font-feature-liga-off font-feature-clig-off font-feature-calt-off text-decoration-none text-strikethrough-none\">Creaci\u00f3n de asistentes en WhatsApp para potenciar tu negocio<\/span><\/strong><span class=\"OYPEnA font-feature-liga-off font-feature-clig-off font-feature-calt-off text-decoration-none text-strikethrough-none\"><\/span><span class=\"a_GcMg font-feature-liga-off font-feature-clig-off font-feature-calt-off text-decoration-none text-strikethrough-none\"><\/span>\n<ol>\n<li style=\"list-style-type: none;\">\n<ul>\n<li><span class=\"a_GcMg font-feature-liga-off font-feature-clig-off font-feature-calt-off text-decoration-none text-strikethrough-none\">Dirigida a emprendedores, empresarios, estudiantes<\/span><\/li>\n<\/ul>\n<\/li>\n<\/ol>\n<\/li>\n<\/ol>\n<p>[\/et_pb_toggle][\/et_pb_column][et_pb_column type=\u00bb1_3&#8243; _builder_version=\u00bb4.25.1&#8243; _module_preset=\u00bbdefault\u00bb global_colors_info=\u00bb{}\u00bb][et_pb_blurb title=\u00bbEventos\u00bb image=\u00bbhttps:\/\/ciudadanoconversacional.com\/wp-content\/uploads\/2025\/06\/Foto-28-6-24-17-20-17-scaled.jpg\u00bb _builder_version=\u00bb4.25.1&#8243; _module_preset=\u00bbdefault\u00bb global_colors_info=\u00bb{}\u00bb]<\/p>\n<p>Encuentros de dos d\u00edas para compartir experiencias, buenas pr\u00e1cticas y casos reales sobre el uso de WhatsApp seguro. Incluye seminarios especializados y espacios de debate para impulsar la modernizaci\u00f3n de la atenci\u00f3n ciudadana y la colaboraci\u00f3n interinstitucional.<\/p>\n<p>[\/et_pb_blurb][et_pb_text _builder_version=\u00bb4.25.1&#8243; _module_preset=\u00bbdefault\u00bb text_text_color=\u00bb#185359&#8243; global_colors_info=\u00bb{}\u00bb]<\/p>\n<p><i class=\"fa-regular fa-clock\"><\/i>\u00a0 <strong>Duraci\u00f3n:<\/strong> <span class=\"OYPEnA font-feature-liga-off font-feature-clig-off font-feature-calt-off text-decoration-none text-strikethrough-none\">Encuentro de 2 d\u00edas<\/span><span class=\"OYPEnA font-feature-liga-off font-feature-clig-off font-feature-calt-off text-decoration-none text-strikethrough-none\"> <\/span><\/p>\n<p><i class=\"fa-solid fa-people-group\"><\/i><strong>\u00a0Asistentes: <\/strong>Grupo de 20-30 personas<\/p>\n<p>[\/et_pb_text][et_pb_toggle title=\u00bbTem\u00e1ticas de Eventos\u00bb open_toggle_text_color=\u00bb#FFFFFF\u00bb open_toggle_background_color=\u00bb#185359&#8243; closed_toggle_text_color=\u00bb#FFFFFF\u00bb closed_toggle_background_color=\u00bb#185359&#8243; icon_color=\u00bb#FFFFFF\u00bb open_icon_color=\u00bb#FFFFFF\u00bb _builder_version=\u00bb4.25.1&#8243; _module_preset=\u00bbdefault\u00bb title_text_color=\u00bb#FFFFFF\u00bb body_text_color=\u00bb#FFFFFF\u00bb border_color_all=\u00bb#185359&#8243; global_colors_info=\u00bb{}\u00bb]<\/p>\n<ol>\n<li><strong><span class=\"OYPEnA font-feature-liga-off font-feature-clig-off font-feature-calt-off text-decoration-none text-strikethrough-none\">Hackathon: Soluciones WhatsApp en Turismo<span class=\"OYPEnA font-feature-liga-off font-feature-clig-off font-feature-calt-off text-decoration-none text-strikethrough-none white-space-prewrap\"> <\/span><\/span><\/strong>\n<ul>\n<li style=\"list-style-type: none;\">\n<ul>\n<li><span class=\"OYPEnA font-feature-liga-off font-feature-clig-off font-feature-calt-off text-decoration-none text-strikethrough-none\">Profesionales del turismo, emprendedores, estudiantes<\/span><\/li>\n<\/ul>\n<\/li>\n<\/ul>\n<\/li>\n<li><strong>Hackathon: Movilidad sostenible mediante WhatsApp seguro<\/strong><\/li>\n<\/ol>\n<ul>\n<li style=\"list-style-type: none;\">\n<ul>\n<li style=\"list-style-type: none;\">\n<ul>\n<li><span class=\"OYPEnA font-feature-liga-off font-feature-clig-off font-feature-calt-off text-decoration-none text-strikethrough-none\">Profesionales de la movilidad, emprendedores, estudiantes<\/span><strong><\/strong><\/li>\n<\/ul>\n<\/li>\n<\/ul>\n<\/li>\n<\/ul>\n<p>[\/et_pb_toggle][\/et_pb_column][\/et_pb_row][et_pb_row _builder_version=\u00bb4.25.1&#8243; _module_preset=\u00bbdefault\u00bb global_colors_info=\u00bb{}\u00bb][et_pb_column type=\u00bb4_4&#8243; _builder_version=\u00bb4.25.1&#8243; _module_preset=\u00bbdefault\u00bb global_colors_info=\u00bb{}\u00bb][et_pb_text _builder_version=\u00bb4.25.1&#8243; _module_preset=\u00bbdefault\u00bb hover_enabled=\u00bb0&#8243; global_colors_info=\u00bb{}\u00bb sticky_enabled=\u00bb0&#8243; locked=\u00bboff\u00bb]<\/p>\n<h1 style=\"text-align: center;\">\u00bfA qui\u00e9n van dirigidas?<\/h1>\n<p>[\/et_pb_text][\/et_pb_column][\/et_pb_row][et_pb_row _builder_version=\u00bb4.25.1&#8243; _module_preset=\u00bbdefault\u00bb hover_enabled=\u00bb0&#8243; sticky_enabled=\u00bb0&#8243;][et_pb_column _builder_version=\u00bb4.25.1&#8243; _module_preset=\u00bbdefault\u00bb type=\u00bb4_4&#8243;][et_pb_tabs _builder_version=\u00bb4.25.1&#8243; _module_preset=\u00bbdefault\u00bb hover_enabled=\u00bb0&#8243; sticky_enabled=\u00bb0&#8243;][et_pb_tab title=\u00bbAPP\u00bb _builder_version=\u00bb4.25.1&#8243; _module_preset=\u00bbdefault\u00bb hover_enabled=\u00bb0&#8243; sticky_enabled=\u00bb0&#8243;]<\/p>\n<table>\n<thead>\n<tr>\n<th><strong>Tipo de Perfil<\/strong><\/th>\n<th><strong>Inter\u00e9s<\/strong><\/th>\n<th><strong>Barreras<\/strong><\/th>\n<th><strong>Necesidades<\/strong><\/th>\n<\/tr>\n<\/thead>\n<tbody>\n<tr>\n<td>Ayuntamiento<\/td>\n<td>Impulsar la innovaci\u00f3n y digitalizaci\u00f3n del turismo en su territorio<\/td>\n<td>Limitaciones de presupuesto y recursos humanos<\/td>\n<td>Casos de uso claros y aplicables de WhatsApp en turismo rural<\/td>\n<\/tr>\n<tr>\n<td>Diputaci\u00f3n provincial<\/td>\n<td>Fortalecer la imagen de la regi\u00f3n como destino tur\u00edstico moderno y sostenible<\/td>\n<td>Procesos administrativos lentos que frenan la adopci\u00f3n de nuevas tecnolog\u00edas<\/td>\n<td>Espacios de networking con empresas, emprendedores y productores<\/td>\n<\/tr>\n<tr>\n<td>Oficinas de turismo municipales<\/td>\n<td>Apoyar a emprendedores, empresas y productores locales<\/td>\n<td>Resistencia al cambio en estructuras tradicionales<\/td>\n<td>Visibilidad p\u00fablica como impulsores de la digitalizaci\u00f3n tur\u00edstica<\/td>\n<\/tr>\n<tr>\n<td>Consejer\u00edas auton\u00f3micas de turismo o cultura<\/td>\n<td>Conocer nuevas herramientas que mejoren la gesti\u00f3n de informaci\u00f3n tur\u00edstica<\/td>\n<td>Falta de tiempo para asistir a eventos de dos jornadas<\/td>\n<td>Formaci\u00f3n sencilla y adaptada a gestores p\u00fablicos<\/td>\n<\/tr>\n<tr>\n<td>Agentes de desarrollo local<\/td>\n<td>Promover la colaboraci\u00f3n p\u00fablico-privada para el desarrollo local<\/td>\n<td>Escasa comprensi\u00f3n t\u00e9cnica de soluciones digitales innovadoras<\/td>\n<td>Soluciones escalables y con bajo coste de implementaci\u00f3n<\/td>\n<\/tr>\n<tr>\n<td>Mancomunidades rurales<\/td>\n<td>Difundir iniciativas que generen impacto social y econ\u00f3mico<\/td>\n<td>Dificultad para involucrar a todos los actores locales en un mismo proyecto<\/td>\n<td>Transporte y log\u00edstica para asistir al evento<\/td>\n<\/tr>\n<tr>\n<td>Entidades de promoci\u00f3n econ\u00f3mica y empleo<\/td>\n<td>Acceder a soluciones replicables en otras localidades del territorio<\/td>\n<td><\/td>\n<td><\/td>\n<\/tr>\n<\/tbody>\n<\/table>\n<p><!-- notionvc: 4b5f0ff6-7c43-49fb-9491-a1faead4af25 --><\/p>\n<p>[\/et_pb_tab][et_pb_tab title=\u00bbInversores\u00bb _builder_version=\u00bb4.25.1&#8243; _module_preset=\u00bbdefault\u00bb hover_enabled=\u00bb0&#8243; sticky_enabled=\u00bb0&#8243;]<\/p>\n<table>\n<thead>\n<tr>\n<th><strong>Tipo de Perfil<\/strong><\/th>\n<th><strong>Inter\u00e9s<\/strong><\/th>\n<th><strong>Barreras<\/strong><\/th>\n<th><strong>Necesidades<\/strong><\/th>\n<\/tr>\n<\/thead>\n<tbody>\n<tr>\n<td>Business angels<\/td>\n<td>Detectar proyectos innovadores en turismo y tecnolog\u00eda con potencial de crecimiento<\/td>\n<td>Falta de tiempo para dedicar un fin de semana completo<\/td>\n<td>Selecci\u00f3n clara de proyectos con potencial real<\/td>\n<\/tr>\n<tr>\n<td>Aceleradoras<\/td>\n<td>Conectar con emprendedores y startups en fase inicial<\/td>\n<td>Eventos con proyectos poco maduros o sin proyecci\u00f3n real<\/td>\n<td>Espacios de networking directos con emprendedores y startups<\/td>\n<\/tr>\n<tr>\n<td>Programas de financiaci\u00f3n<\/td>\n<td>Explorar oportunidades de inversi\u00f3n en negocios digitales aplicados al turismo<\/td>\n<td>Escasa visibilidad del retorno de inversi\u00f3n en el corto plazo<\/td>\n<td>Visibilidad de iniciativas con aplicaci\u00f3n pr\u00e1ctica en turismo<\/td>\n<\/tr>\n<tr>\n<td>Fondos de inversi\u00f3n en turismo y tecnolog\u00eda<\/td>\n<td>Acceder a proyectos que puedan escalar en entornos rurales y urbanos<\/td>\n<td>Falta de informaci\u00f3n previa sobre la calidad de los equipos participantes<\/td>\n<td>Acceso a datos y m\u00e9tricas de impacto de los proyectos presentados<\/td>\n<\/tr>\n<tr>\n<td>Plataformas de crowdfunding<\/td>\n<td>Ampliar su red de contactos con actores del ecosistema tur\u00edstico y tecnol\u00f3gico<\/td>\n<td>Percepci\u00f3n de que el turismo rural tiene menor rentabilidad frente a otros sectores<\/td>\n<td>Entorno profesional que transmita confianza y seriedad<\/td>\n<\/tr>\n<tr>\n<td>Bancos con programas de apoyo a emprendedores<\/td>\n<td>Impulsar iniciativas con impacto social y econ\u00f3mico en la regi\u00f3n<\/td>\n<td><\/td>\n<td>Transporte y log\u00edstica garantizada para asistir al evento<\/td>\n<\/tr>\n<tr>\n<td>Asociaciones de inversores privados<\/td>\n<td>Ser parte de un espacio donde se presentan soluciones originales y con aplicaci\u00f3n real<\/td>\n<td><\/td>\n<td><\/td>\n<\/tr>\n<\/tbody>\n<\/table>\n<p><!-- notionvc: d9817eb4-0c6f-444c-b48e-5e11e9d970b7 --><\/p>\n<p>[\/et_pb_tab][et_pb_tab title=\u00bbEducaci\u00f3n\u00bb _builder_version=\u00bb4.25.1&#8243; _module_preset=\u00bbdefault\u00bb hover_enabled=\u00bb0&#8243; sticky_enabled=\u00bb0&#8243;]<\/p>\n<table>\n<thead>\n<tr>\n<th><strong>Tipo de Perfil<\/strong><\/th>\n<th><strong>Inter\u00e9s<\/strong><\/th>\n<th><strong>Barreras<\/strong><\/th>\n<th><strong>Necesidades<\/strong><\/th>\n<\/tr>\n<\/thead>\n<tbody>\n<tr>\n<td>Universitario otros perfiles relacionados (marketing digital, comunicaci\u00f3n, idiomas, inform\u00e1tica)<\/td>\n<td>Construir proyectos que puedan vincularse con TFG\/TFM<\/td>\n<td>Limitaciones econ\u00f3micas (aunque sea gratuito, piensan en coste de comida\/transporte)<\/td>\n<td>Ambiente inclusivo y did\u00e1ctico (no solo competitivo, tambi\u00e9n formativo)<\/td>\n<\/tr>\n<tr>\n<td>Estudiante de m\u00e1ster (turismo, digital business, innovaci\u00f3n)<\/td>\n<td>Networking con empresas, emprendedores y profesionales del sector<\/td>\n<td>Para docentes: falta de tiempo y carga acad\u00e9mica<\/td>\n<td>Facilitar networking organizado con empresas para pr\u00e1cticas o colaboraciones<\/td>\n<\/tr>\n<tr>\n<td>Estudiante de grado medio turismo<\/td>\n<td>Acceso a casos reales que enriquezcan su aprendizaje<\/td>\n<td>Para investigadores: falta de aplicaci\u00f3n directa a su l\u00ednea de investigaci\u00f3n<\/td>\n<td>Posibilidad de presentar resultados que conecten con trabajos acad\u00e9micos (TFG\/TFM)<\/td>\n<\/tr>\n<tr>\n<td>Docente universitario<\/td>\n<td>Para docentes: transferir novedades a sus alumnos y ampliar su red de contactos para pr\u00e1cticas y encontrar empresas receptoras y socios estrat\u00e9gicos<\/td>\n<td><\/td>\n<td><\/td>\n<\/tr>\n<\/tbody>\n<\/table>\n<p><!-- notionvc: fee5ad41-c6f1-4523-9135-d3f57201f25b --><\/p>\n<p>[\/et_pb_tab][et_pb_tab title=\u00bbServicios\u00bb _builder_version=\u00bb4.25.1&#8243; _module_preset=\u00bbdefault\u00bb hover_enabled=\u00bb0&#8243; sticky_enabled=\u00bb0&#8243;]<\/p>\n<table>\n<thead>\n<tr>\n<th><strong>Tipo de Perfil<\/strong><\/th>\n<th><strong>Inter\u00e9s<\/strong><\/th>\n<th><strong>Barreras<\/strong><\/th>\n<th><strong>Necesidades<\/strong><\/th>\n<\/tr>\n<\/thead>\n<tbody>\n<tr>\n<td>Agencias de marketing<\/td>\n<td>Ofrecer nuevos servicios a su base de clientes<\/td>\n<td>Falta de conocimiento sobre el potencial real de WhatsApp<\/td>\n<td>Transporte y facilidades log\u00edsticas<\/td>\n<\/tr>\n<tr>\n<td>Empresas de software<\/td>\n<td>Ampliar su portafolio con soluciones digitales innovadoras<\/td>\n<td>Falta de tiempo para participar en dos jornadas completas<\/td>\n<td>Casos pr\u00e1cticos de aplicaci\u00f3n para su negocio<\/td>\n<\/tr>\n<tr>\n<td>Consultoras tecnol\u00f3gicas<\/td>\n<td>Descubrir oportunidades de negocio en turismo y tecnolog\u00eda<\/td>\n<td>Dificultad de justificar el beneficio inmediato ante su empresa<\/td>\n<td>Acceso a informaci\u00f3n sobre el programa oficial de partners de WhatsApp<\/td>\n<\/tr>\n<tr>\n<td>Freelancers de marketing digital<\/td>\n<td>Explorar casos de uso reales de WhatsApp para empresas<\/td>\n<td>Limitada conexi\u00f3n con el sector turismo si no lo trabajan habitualmente<\/td>\n<td>Oportunidades claras de networking con empresas tur\u00edsticas<\/td>\n<\/tr>\n<tr>\n<td>Agencias de comunicaci\u00f3n<\/td>\n<td>Networking con potenciales clientes del sector tur\u00edstico<\/td>\n<td>Desplazamiento hasta Valdelavilla<\/td>\n<td>Materiales de referencia para integrar en sus servicios<\/td>\n<\/tr>\n<tr>\n<td>Empresas de desarrollo web y aplicaciones<\/td>\n<td>Acceder a conocimiento exclusivo sobre canales oficiales de WhatsApp<\/td>\n<td><\/td>\n<td><\/td>\n<\/tr>\n<\/tbody>\n<\/table>\n<p><!-- notionvc: e5656a31-50d6-44ca-b980-44c8c803519c --><\/p>\n<p>[\/et_pb_tab][et_pb_tab title=\u00bbEmprendimiento\u00bb _builder_version=\u00bb4.25.1&#8243; _module_preset=\u00bbdefault\u00bb hover_enabled=\u00bb0&#8243; sticky_enabled=\u00bb0&#8243;]<\/p>\n<table>\n<thead>\n<tr>\n<th><strong>Tipo de Perfil<\/strong><\/th>\n<th><strong>Inter\u00e9s<\/strong><\/th>\n<th><strong>Barreras<\/strong><\/th>\n<th><strong>Necesidades<\/strong><\/th>\n<\/tr>\n<\/thead>\n<tbody>\n<tr>\n<td>Emprendedores<\/td>\n<td>C\u00f3mo WhatsApp y otras tecnolog\u00edas pueden impulsar su negocio<\/td>\n<td>Falta de tiempo para dedicar dos d\u00edas completos<\/td>\n<td>Transporte y log\u00edstica asegurada<\/td>\n<\/tr>\n<tr>\n<td>Hackatoneros<\/td>\n<td>Validar su idea de negocio en un entorno real y competitivo<\/td>\n<td>Dudas sobre el valor real para su negocio<\/td>\n<td>Visibilidad de beneficios posteriores como incubaci\u00f3n y premios<\/td>\n<\/tr>\n<tr>\n<td>Aut\u00f3nomos del sector creativo o digital<\/td>\n<td>Conocer oportunidades de negocio en turismo digital<\/td>\n<td>Percepci\u00f3n de coste en tiempo y recursos<\/td>\n<td>Ambiente din\u00e1mico y colaborativo<\/td>\n<\/tr>\n<tr>\n<td>Intraemprendedores<\/td>\n<td>Networking con potenciales socios, inversores, mentores o clientes<\/td>\n<td>Inseguridad sobre si tendr\u00e1n nivel suficiente<\/td>\n<td>Mentores que ofrezcan feedback real de mercado<\/td>\n<\/tr>\n<tr>\n<td>Miembros de aceleradoras o incubadoras<\/td>\n<td>Obtener feedback de expertos y usuarios sobre sus proyectos<\/td>\n<td>Dificultad de desplazamiento hasta Valdelavilla<\/td>\n<td>Espacios para conectar con inversores y empresas<\/td>\n<\/tr>\n<tr>\n<td>Coworkings<\/td>\n<td>Acceso a visibilidad medi\u00e1tica y difusi\u00f3n<\/td>\n<td>Falta de informaci\u00f3n sobre la din\u00e1mica del hackathon<\/td>\n<td>Herramientas para tangibilizar sus ideas en prototipos r\u00e1pidos<\/td>\n<\/tr>\n<\/tbody>\n<\/table>\n<p><!-- notionvc: 5f0648aa-a0dd-4d37-8876-23fec5c34990 --><\/p>\n<p>[\/et_pb_tab][et_pb_tab title=\u00bbAlojamientos Rurales\u00bb _builder_version=\u00bb4.25.1&#8243; _module_preset=\u00bbdefault\u00bb hover_enabled=\u00bb0&#8243; sticky_enabled=\u00bb0&#8243;]<\/p>\n<table>\n<thead>\n<tr>\n<th><strong>Tipo de Perfil<\/strong><\/th>\n<th><strong>Inter\u00e9s<\/strong><\/th>\n<th><strong>Barreras<\/strong><\/th>\n<th><strong>Necesidades<\/strong><\/th>\n<\/tr>\n<\/thead>\n<tbody>\n<tr>\n<td>Casa rural<\/td>\n<td>Atraer m\u00e1s turistas nacionales e internacionales<\/td>\n<td>Falta de conocimientos tecnol\u00f3gicos<\/td>\n<td>Soluciones simples y aplicables a negocios peque\u00f1os<\/td>\n<\/tr>\n<tr>\n<td>Caba\u00f1as y bungalows<\/td>\n<td>Aprender a usar WhatsApp como canal de reservas y atenci\u00f3n al cliente<\/td>\n<td>Falta de tiempo para dedicar un fin de semana completo<\/td>\n<td>Transporte y log\u00edstica resuelta desde Soria<\/td>\n<\/tr>\n<tr>\n<td>Agroturismo<\/td>\n<td>Mejorar la experiencia del hu\u00e9sped con comunicaci\u00f3n digital personalizada<\/td>\n<td>Percepci\u00f3n de que el evento es m\u00e1s para expertos digitales<\/td>\n<td>Ejemplos pr\u00e1cticos de c\u00f3mo otros alojamientos rurales usan WhatsApp<\/td>\n<\/tr>\n<tr>\n<td>Albergues rurales<\/td>\n<td>Diferenciarse frente a grandes plataformas de reservas<\/td>\n<td>Dificultad de desplazamiento hasta Valdelavilla<\/td>\n<td>Acceso a contactos con agencias y proveedores de servicios digitales<\/td>\n<\/tr>\n<tr>\n<td>Bed &amp; Breakfast<\/td>\n<td>Conocer herramientas que simplifiquen la gesti\u00f3n diaria<\/td>\n<td>Resistencia al cambio en la forma tradicional de gestionar reservas<\/td>\n<td>Formaci\u00f3n adaptada a su nivel tecnol\u00f3gico<\/td>\n<\/tr>\n<tr>\n<td>Glamping<\/td>\n<td>Generar alianzas con experiencias y actividades locales<\/td>\n<td><\/td>\n<td><\/td>\n<\/tr>\n<tr>\n<td>Alojamientos en granjas<\/td>\n<td>Acceder a formaci\u00f3n y tendencias de digitalizaci\u00f3n en turismo rural<\/td>\n<td><\/td>\n<td><\/td>\n<\/tr>\n<\/tbody>\n<\/table>\n<p><!-- notionvc: a6517aa3-d81c-4030-9dd8-ab4ca6f66f2b --><\/p>\n<p>[\/et_pb_tab][et_pb_tab title=\u00bbExperiencias y Actividades\u00bb _builder_version=\u00bb4.25.1&#8243; _module_preset=\u00bbdefault\u00bb hover_enabled=\u00bb0&#8243; sticky_enabled=\u00bb0&#8243;]<\/p>\n<table>\n<thead>\n<tr>\n<th><strong>Tipo de Perfil<\/strong><\/th>\n<th><strong>Inter\u00e9s<\/strong><\/th>\n<th><strong>Barreras<\/strong><\/th>\n<th><strong>Necesidades<\/strong><\/th>\n<\/tr>\n<\/thead>\n<tbody>\n<tr>\n<td>Rutas de senderismo y trekking<\/td>\n<td>Dar mayor visibilidad a sus actividades y captar m\u00e1s clientes<\/td>\n<td>Falta de conocimientos tecnol\u00f3gicos y miedo a que sea muy complejo<\/td>\n<td>Ejemplos pr\u00e1cticos de c\u00f3mo WhatsApp se aplica a experiencias tur\u00edsticas reales<\/td>\n<\/tr>\n<tr>\n<td>Paseos a caballo<\/td>\n<td>Aprender c\u00f3mo WhatsApp puede servir para reservas, recordatorios y atenci\u00f3n al cliente<\/td>\n<td>Dificultad para entender c\u00f3mo aplicar WhatsApp a su actividad concreta<\/td>\n<td>Transporte y log\u00edstica clara desde Soria<\/td>\n<\/tr>\n<tr>\n<td>Empresas de actividades de aventura<\/td>\n<td>Conectar con alojamientos rurales para crear paquetes tur\u00edsticos conjuntos<\/td>\n<td>Poca disponibilidad de tiempo al estar atendiendo visitantes los fines de semana<\/td>\n<td>Herramientas simples y adaptadas a negocios peque\u00f1os<\/td>\n<\/tr>\n<tr>\n<td>Talleres de artesan\u00eda<\/td>\n<td>Diferenciar su oferta mediante innovaci\u00f3n tecnol\u00f3gica<\/td>\n<td>Coste percibido de desplazarse y dedicar dos d\u00edas fuera del negocio<\/td>\n<td>Espacios para hacer networking con alojamientos y agencias de marketing<\/td>\n<\/tr>\n<tr>\n<td>Clases de cocina local<\/td>\n<td>Conocer tendencias en turismo sostenible y digital<\/td>\n<td>Sensaci\u00f3n de que la innovaci\u00f3n est\u00e1 pensada para grandes empresas y no para ellos<\/td>\n<td>Formaci\u00f3n aplicada que puedan llevarse lista para implementar<\/td>\n<\/tr>\n<tr>\n<td>Avistamiento de fauna y flora<\/td>\n<td>Generar alianzas con productores locales y sector gastron\u00f3mico<\/td>\n<td><\/td>\n<td>Visibilidad y reconocimiento de su papel en la oferta tur\u00edstica local<\/td>\n<\/tr>\n<tr>\n<td>Gu\u00edas tur\u00edsticos independientes<\/td>\n<td>Acceder a difusi\u00f3n medi\u00e1tica a trav\u00e9s del hackathon<\/td>\n<td><\/td>\n<td><\/td>\n<\/tr>\n<\/tbody>\n<\/table>\n<p><!-- notionvc: 03da804b-3c11-47f5-981d-94bc32764a2b --><\/p>\n<p>[\/et_pb_tab][\/et_pb_tabs][\/et_pb_column][\/et_pb_row][et_pb_row _builder_version=\u00bb4.25.1&#8243; _module_preset=\u00bbdefault\u00bb global_colors_info=\u00bb{}\u00bb][et_pb_column type=\u00bb4_4&#8243; _builder_version=\u00bb4.25.1&#8243; _module_preset=\u00bbdefault\u00bb global_colors_info=\u00bb{}\u00bb][et_pb_text _builder_version=\u00bb4.25.1&#8243; _module_preset=\u00bbdefault\u00bb hover_enabled=\u00bb0&#8243; global_colors_info=\u00bb{}\u00bb sticky_enabled=\u00bb0&#8243;]<\/p>\n<h1 style=\"text-align: center;\">\u00bfPor qu\u00e9 participar de estas iniciativas en mi zona?<\/h1>\n<p>[\/et_pb_text][\/et_pb_column][\/et_pb_row][et_pb_row column_structure=\u00bb1_3,1_3,1_3&#8243; _builder_version=\u00bb4.25.1&#8243; _module_preset=\u00bbdefault\u00bb global_colors_info=\u00bb{}\u00bb][et_pb_column type=\u00bb1_3&#8243; _builder_version=\u00bb4.25.1&#8243; _module_preset=\u00bbdefault\u00bb global_colors_info=\u00bb{}\u00bb][et_pb_blurb title=\u00bbTecnolog\u00eda segura\u00bb use_icon=\u00bbon\u00bb font_icon=\u00bb&#xf3ed;||fa||900&#8243; icon_color=\u00bb#185359&#8243; image_icon_width=\u00bb35px\u00bb _builder_version=\u00bb4.25.1&#8243; _module_preset=\u00bbdefault\u00bb text_orientation=\u00bbcenter\u00bb global_colors_info=\u00bb{}\u00bb]<\/p>\n<p style=\"text-align: center;\"><span class=\"OYPEnA font-feature-liga-off font-feature-clig-off font-feature-calt-off text-decoration-none text-strikethrough-none\">Las soluciones basadas en <\/span><span class=\"OYPEnA font-feature-liga-off font-feature-clig-off font-feature-calt-off text-decoration-none text-strikethrough-none\">WhatsApp de tercera generaci\u00f3n <\/span><span class=\"OYPEnA font-feature-liga-off font-feature-clig-off font-feature-calt-off text-decoration-none text-strikethrough-none\">est\u00e1n dise\u00f1adas para proteger los datos personales y cumplir con la normativa de ciberseguridad<\/span><\/p>\n<p>[\/et_pb_blurb][\/et_pb_column][et_pb_column type=\u00bb1_3&#8243; _builder_version=\u00bb4.25.1&#8243; _module_preset=\u00bbdefault\u00bb global_colors_info=\u00bb{}\u00bb][et_pb_blurb title=\u00bbClave en la modernizaci\u00f3n \u00bb use_icon=\u00bbon\u00bb font_icon=\u00bb&#xf0d0;||fa||900&#8243; icon_color=\u00bb#185359&#8243; image_icon_width=\u00bb35px\u00bb _builder_version=\u00bb4.25.1&#8243; _module_preset=\u00bbdefault\u00bb text_orientation=\u00bbcenter\u00bb global_colors_info=\u00bb{}\u00bb]<\/p>\n<p style=\"text-align: center;\"><span class=\"OYPEnA font-feature-liga-off font-feature-clig-off font-feature-calt-off text-decoration-none text-strikethrough-none\">Automatizaci\u00f3n de tr\u00e1mites, acceso a informaci\u00f3n, notificaciones, encuestas, consultas 24\/7, pagos, etc., son accesibles desde cualquier dispositivo<\/span><span class=\"OYPEnA font-feature-liga-off font-feature-clig-off font-feature-calt-off text-decoration-none text-strikethrough-none white-space-prewrap\"> <\/span><\/p>\n<p>[\/et_pb_blurb][\/et_pb_column][et_pb_column type=\u00bb1_3&#8243; _builder_version=\u00bb4.25.1&#8243; _module_preset=\u00bbdefault\u00bb global_colors_info=\u00bb{}\u00bb][et_pb_blurb title=\u00bbSin curva de aprendizaje\u00bb use_icon=\u00bbon\u00bb font_icon=\u00bb&#xf19d;||fa||900&#8243; icon_color=\u00bb#185359&#8243; image_icon_width=\u00bb35px\u00bb _builder_version=\u00bb4.25.1&#8243; _module_preset=\u00bbdefault\u00bb text_orientation=\u00bbcenter\u00bb global_colors_info=\u00bb{}\u00bb]<\/p>\n<p style=\"text-align: center;\"><span class=\"OYPEnA font-feature-liga-off font-feature-clig-off font-feature-calt-off text-decoration-none text-strikethrough-none\">El conocimiento puede ser desplegado r\u00e1pidamente por parte de la ciudadan\u00eda al ser usuarios diarios de la tecnolog\u00eda<\/span><span class=\"OYPEnA font-feature-liga-off font-feature-clig-off font-feature-calt-off text-decoration-none text-strikethrough-none white-space-prewrap\"> <\/span><\/p>\n<p>[\/et_pb_blurb][\/et_pb_column][\/et_pb_row][et_pb_row column_structure=\u00bb1_3,1_3,1_3&#8243; _builder_version=\u00bb4.25.1&#8243; _module_preset=\u00bbdefault\u00bb global_colors_info=\u00bb{}\u00bb][et_pb_column type=\u00bb1_3&#8243; _builder_version=\u00bb4.25.1&#8243; _module_preset=\u00bbdefault\u00bb global_colors_info=\u00bb{}\u00bb][et_pb_blurb title=\u00bbAplicaci\u00f3n global\u00bb use_icon=\u00bbon\u00bb font_icon=\u00bb&#xf57e;||fa||900&#8243; icon_color=\u00bb#185359&#8243; image_icon_width=\u00bb35px\u00bb _builder_version=\u00bb4.25.1&#8243; _module_preset=\u00bbdefault\u00bb text_orientation=\u00bbcenter\u00bb global_colors_info=\u00bb{}\u00bb]<\/p>\n<p style=\"text-align: center;\"><span class=\"OYPEnA white-space-prewrap font-feature-liga-off font-feature-clig-off font-feature-calt-off text-decoration-none text-strikethrough-none\"> <\/span><span class=\"OYPEnA font-feature-liga-off font-feature-clig-off font-feature-calt-off text-decoration-none text-strikethrough-none\">El conocimiento adquirido en estas iniciativas es aplicable en cualquier organizaci\u00f3n de cualquier lugar<\/span><\/p>\n<p>[\/et_pb_blurb][\/et_pb_column][et_pb_column type=\u00bb1_3&#8243; _builder_version=\u00bb4.25.1&#8243; _module_preset=\u00bbdefault\u00bb global_colors_info=\u00bb{}\u00bb][et_pb_blurb title=\u00bbReducci\u00f3n de brecha digital \u00bb use_icon=\u00bbon\u00bb font_icon=\u00bb&#xf201;||fa||900&#8243; icon_color=\u00bb#185359&#8243; image_icon_width=\u00bb35px\u00bb _builder_version=\u00bb4.25.1&#8243; _module_preset=\u00bbdefault\u00bb text_orientation=\u00bbcenter\u00bb global_colors_info=\u00bb{}\u00bb]<\/p>\n<p style=\"text-align: center;\"><span class=\"OYPEnA font-feature-liga-off font-feature-clig-off font-feature-calt-off text-decoration-none text-strikethrough-none\">Los participantes en esta iniciativas aprenden de soluciones reales basadas en una tecnolog\u00eda base que entienden<\/span><\/p>\n<p>[\/et_pb_blurb][\/et_pb_column][et_pb_column type=\u00bb1_3&#8243; _builder_version=\u00bb4.25.1&#8243; _module_preset=\u00bbdefault\u00bb global_colors_info=\u00bb{}\u00bb][et_pb_blurb title=\u00bbTransferencia de conocimiento\u00bb use_icon=\u00bbon\u00bb font_icon=\u00bb&#xf19d;||fa||900&#8243; icon_color=\u00bb#185359&#8243; image_icon_width=\u00bb35px\u00bb _builder_version=\u00bb4.25.1&#8243; _module_preset=\u00bbdefault\u00bb text_orientation=\u00bbcenter\u00bb global_colors_info=\u00bb{}\u00bb]<\/p>\n<p style=\"text-align: center;\"><span class=\"OYPEnA font-feature-liga-off font-feature-clig-off font-feature-calt-off text-decoration-none text-strikethrough-none\">La empresa organizadora de estas iniciativas desarrolla soluciones basadas en WhatsApp de tercera generaci\u00f3n, desde 2019<\/span><\/p>\n<p>[\/et_pb_blurb][\/et_pb_column][\/et_pb_row][et_pb_row _builder_version=\u00bb4.25.1&#8243; _module_preset=\u00bbdefault\u00bb column_structure=\u00bb1_2,1_2&#8243;][et_pb_column _builder_version=\u00bb4.25.1&#8243; _module_preset=\u00bbdefault\u00bb type=\u00bb1_2&#8243;][et_pb_button button_url=\u00bbhttps:\/\/api.whatsapp.com\/send\/?phone=34915475371&#038;text=Hola+quiero+m%C3%A1s+informaci%C3%B3n+&#038;type=phone_number&#038;app_absent=0&#8243; button_text=\u00bbSolicita tu semana\u00bb button_alignment=\u00bbcenter\u00bb _builder_version=\u00bb4.25.1&#8243; _module_preset=\u00bbdefault\u00bb custom_button=\u00bbon\u00bb button_text_color=\u00bb#185359&#8243; button_border_color=\u00bb#185359&#8243; custom_margin=\u00bb-6px||||false|false\u00bb hover_enabled=\u00bb0&#8243; locked=\u00bboff\u00bb global_colors_info=\u00bb{}\u00bb sticky_enabled=\u00bb0&#8243;][\/et_pb_button][\/et_pb_column][et_pb_column _builder_version=\u00bb4.25.1&#8243; _module_preset=\u00bbdefault\u00bb type=\u00bb1_2&#8243;][et_pb_button button_url=\u00bbhttps:\/\/eventos.ciudadanoconversacional.com\/events\u00bb button_text=\u00bbAsiste a una iniciativa\u00bb button_alignment=\u00bbcenter\u00bb _builder_version=\u00bb4.25.1&#8243; _module_preset=\u00bbdefault\u00bb custom_button=\u00bbon\u00bb button_text_color=\u00bb#185359&#8243; button_border_color=\u00bb#185359&#8243; custom_margin=\u00bb-6px||||false|false\u00bb hover_enabled=\u00bb0&#8243; locked=\u00bboff\u00bb global_colors_info=\u00bb{}\u00bb sticky_enabled=\u00bb0&#8243;][\/et_pb_button][\/et_pb_column][\/et_pb_row][\/et_pb_section][et_pb_section fb_built=\u00bb1&#8243; disabled_on=\u00bboff|off|off\u00bb admin_label=\u00bbPast Events\u00bb module_id=\u00bbcalendario\u00bb _builder_version=\u00bb4.25.1&#8243; background_image=\u00bbhttps:\/\/ciudadanoconversacional.com\/wp-content\/uploads\/2022\/10\/bg-4.png\u00bb background_size=\u00bbinitial\u00bb background_position=\u00bbcenter_left\u00bb custom_margin=\u00bb0px||||false|false\u00bb custom_padding=\u00bb0px|0px|0|0px|false|false\u00bb da_popup_slug=\u00bbcalendario\u00bb da_disable_devices=\u00bboff|off|off\u00bb locked=\u00bboff\u00bb global_colors_info=\u00bb{}\u00bb da_is_popup=\u00bboff\u00bb da_exit_intent=\u00bboff\u00bb da_has_close=\u00bbon\u00bb da_alt_close=\u00bboff\u00bb da_dark_close=\u00bboff\u00bb da_not_modal=\u00bbon\u00bb da_is_singular=\u00bboff\u00bb da_with_loader=\u00bboff\u00bb da_has_shadow=\u00bbon\u00bb][et_pb_row disabled_on=\u00bboff|off|off\u00bb _builder_version=\u00bb4.25.1&#8243; custom_margin=\u00bb||60px|\u00bb global_colors_info=\u00bb{}\u00bb][et_pb_column type=\u00bb4_4&#8243; _builder_version=\u00bb4.16&#8243; custom_padding=\u00bb|||\u00bb global_colors_info=\u00bb{}\u00bb custom_padding__hover=\u00bb|||\u00bb][et_pb_text _builder_version=\u00bb4.25.1&#8243; text_font=\u00bb||||||||\u00bb text_font_size=\u00bb20px\u00bb text_line_height=\u00bb1.9em\u00bb header_font=\u00bb||||||||\u00bb header_2_font=\u00bbRoboto|300|||||||\u00bb header_2_font_size=\u00bb50px\u00bb header_2_line_height=\u00bb1.2em\u00bb text_orientation=\u00bbcenter\u00bb max_width_tablet=\u00bb\u00bb max_width_phone=\u00bb\u00bb max_width_last_edited=\u00bbon|desktop\u00bb module_alignment=\u00bbcenter\u00bb header_2_font_size_tablet=\u00bb40px\u00bb header_2_font_size_phone=\u00bb32px\u00bb header_2_font_size_last_edited=\u00bbon|phone\u00bb global_colors_info=\u00bb{}\u00bb]<\/p>\n<h2>Calendario de iniciativas<\/h2>\n<p>[\/et_pb_text][et_pb_text disabled_on=\u00bboff|off|off\u00bb _builder_version=\u00bb4.25.1&#8243; text_font=\u00bb||||||||\u00bb text_font_size=\u00bb20px\u00bb text_line_height=\u00bb1.9em\u00bb header_font=\u00bb||||||||\u00bb header_2_font=\u00bbRoboto|300|||||||\u00bb header_2_font_size=\u00bb50px\u00bb header_2_line_height=\u00bb1.2em\u00bb header_3_font=\u00bb|700|||||||\u00bb header_3_text_color=\u00bb#185359&#8243; header_3_font_size=\u00bb28px\u00bb header_3_line_height=\u00bb1.4em\u00bb text_orientation=\u00bbcenter\u00bb max_width=\u00bb700px\u00bb max_width_tablet=\u00bb\u00bb max_width_phone=\u00bb\u00bb max_width_last_edited=\u00bbon|desktop\u00bb module_alignment=\u00bbcenter\u00bb header_2_font_size_tablet=\u00bb40px\u00bb header_2_font_size_phone=\u00bb32px\u00bb header_2_font_size_last_edited=\u00bbon|phone\u00bb global_colors_info=\u00bb{}\u00bb]<\/p>\n<h3>Pr\u00f3ximas iniciativas<\/h3>\n<p>[\/et_pb_text][et_pb_code disabled_on=\u00bboff|off|off\u00bb _builder_version=\u00bb4.25.1&#8243; _module_preset=\u00bbdefault\u00bb global_colors_info=\u00bb{}\u00bb]<iframe loading=\"lazy\" src=\"https:\/\/events.conversationalcitizen.com\/embed\/#\/calendar\/?color=rgb(24, 83, 89)\" frameborder=\"0\" height=\"600\" width=\"100%\" vspace=\"0\" hspace=\"0\" scrolling=\"yes\" allowtransparency=\"true\"><\/iframe>[\/et_pb_code][\/et_pb_column][\/et_pb_row][\/et_pb_section][et_pb_section fb_built=\u00bb1&#8243; _builder_version=\u00bb4.25.1&#8243; _module_preset=\u00bbdefault\u00bb background_color=\u00bb#f4f4f4&#8243; hover_enabled=\u00bb0&#8243; da_disable_devices=\u00bboff|off|off\u00bb global_colors_info=\u00bb{}\u00bb sticky_enabled=\u00bb0&#8243; da_is_popup=\u00bboff\u00bb da_exit_intent=\u00bboff\u00bb da_has_close=\u00bbon\u00bb da_alt_close=\u00bboff\u00bb da_dark_close=\u00bboff\u00bb da_not_modal=\u00bbon\u00bb da_is_singular=\u00bboff\u00bb da_with_loader=\u00bboff\u00bb da_has_shadow=\u00bbon\u00bb][et_pb_row disabled_on=\u00bboff|off|off\u00bb _builder_version=\u00bb4.25.1&#8243; _module_preset=\u00bbdefault\u00bb hover_enabled=\u00bb0&#8243; global_colors_info=\u00bb{}\u00bb sticky_enabled=\u00bb0&#8243;][et_pb_column type=\u00bb4_4&#8243; _builder_version=\u00bb4.25.1&#8243; _module_preset=\u00bbdefault\u00bb global_colors_info=\u00bb{}\u00bb][et_pb_text _builder_version=\u00bb4.25.1&#8243; _module_preset=\u00bbdefault\u00bb hover_enabled=\u00bb0&#8243; global_colors_info=\u00bb{}\u00bb sticky_enabled=\u00bb0&#8243;]<\/p>\n<h1 style=\"text-align: center;\">\u00bfQu\u00e9 tem\u00e1ticas te interesan m\u00e1s para tu ciudad?<\/h1>\n<p>[\/et_pb_text][divi8_image_carousel divi8_sliderspcbtn=\u00bb0&#8243; divi8_autoplay=\u00bboff\u00bb divi8_auto_height=\u00bbon\u00bb divi8_nav_grab_cursor=\u00bbon\u00bb divi8_pagi_bullet_color=\u00bb#185359&#8243; divi8_effect_slideshadow=\u00bbon\u00bb divi8_effect_slideshadow_dark=\u00bb#185359&#8243; divi8_effect_slideshadow_light=\u00bbRGBA(255,255,255,0)\u00bb divi8_effect_slidestretch=\u00bb1&#8243; divi8_effect_slidedepth=\u00bb256&#8243; divi8_icon_size=\u00bb60&#8243; divi8_arrow_padding=\u00bb1&#8243; divi8_arrow_padding_hover=\u00bb26&#8243; divi8_arrow_border_radius=\u00bb27&#8243; divi8_arrow_color=\u00bb#FFFFFF\u00bb divi8_arrow_color_hover=\u00bb#FFFFFF\u00bb divi8_arrow_background=\u00bbRGBA(255,255,255,0)\u00bb divi8_arrow_background_hover=\u00bbRGBA(255,255,255,0)\u00bb disabled_on=\u00bboff|off|off\u00bb _builder_version=\u00bb4.25.1&#8243; _module_preset=\u00bbdefault\u00bb custom_margin=\u00bb|||-195px|false|false\u00bb custom_margin_tablet=\u00bb|||0px|false|false\u00bb custom_margin_phone=\u00bb|||0px|false|false\u00bb custom_margin_last_edited=\u00bbon|desktop\u00bb custom_padding=\u00bb9px|||0px|false|false\u00bb hover_enabled=\u00bb0&#8243; global_colors_info=\u00bb{}\u00bb sticky_enabled=\u00bb0&#8243;][divi8_image_carousel_item heading=\u00bbAprende todo sobre WhatsApp\u00bb description=\u00bbSesi\u00f3n dedicada a la ciudadan\u00eda en general, empleados de AAPP, emprendedores&#8230; para sacarle el 100% del partido a lo que puede hacer tu WhatsApp de modo seguro\u00bb img=\u00bbhttps:\/\/ciudadanoconversacional.com\/wp-content\/uploads\/2025\/06\/8-1.png\u00bb _builder_version=\u00bb4.25.1&#8243; _module_preset=\u00bbdefault\u00bb text_font=\u00bb|700|||||||\u00bb text_text_color=\u00bb#FFFFFF\u00bb text_font_size=\u00bb19px\u00bb content_text_color=\u00bb#FFFFFF\u00bb content_font_size=\u00bb15px\u00bb global_colors_info=\u00bb{}\u00bb][\/divi8_image_carousel_item][divi8_image_carousel_item heading=\u00bbWhatsApp y FFCCSE\u00bb description=\u00bbSesi\u00f3n dedicada a FFCCSE donde se abordar\u00e1n los principales delitos cometidos a trav\u00e9s de WhatsApp, la identificaci\u00f3n de actividades sospechosas y las novedades de la plataforma en 2025\/26.\u00bb img=\u00bbhttps:\/\/ciudadanoconversacional.com\/wp-content\/uploads\/2025\/06\/7-1.png\u00bb _builder_version=\u00bb4.25.1&#8243; _module_preset=\u00bbdefault\u00bb text_font=\u00bb|700|||||||\u00bb text_text_color=\u00bb#FFFFFF\u00bb text_font_size=\u00bb19px\u00bb content_text_color=\u00bb#FFFFFF\u00bb content_font_size=\u00bb15px\u00bb global_colors_info=\u00bb{}\u00bb][\/divi8_image_carousel_item][divi8_image_carousel_item heading=\u00bbUsos de WhatsApp seguro en las administraciones locales\u00bb description=\u00bbSesi\u00f3n para cargos p\u00fablicos y personal t\u00e9cnico de administraciones locales sobre el uso de tecnolog\u00edas conversacionales como WhatsApp y ChatGPT para la atenci\u00f3n ciudadana.\u00bb img=\u00bbhttps:\/\/ciudadanoconversacional.com\/wp-content\/uploads\/2025\/06\/6-1.png\u00bb _builder_version=\u00bb4.25.1&#8243; _module_preset=\u00bbdefault\u00bb text_font=\u00bb|700|||||||\u00bb text_text_color=\u00bb#FFFFFF\u00bb text_font_size=\u00bb19px\u00bb content_text_color=\u00bb#FFFFFF\u00bb content_font_size=\u00bb15px\u00bb global_colors_info=\u00bb{}\u00bb][\/divi8_image_carousel_item][divi8_image_carousel_item heading=\u00bbCreaci\u00f3n de asistentes con WhatsApp + IA\u00bb description=\u00bbSesi\u00f3n dedicada a emprendedores, empresarios y AAPP, con el fin de crear asistentes conversacionales que respondan o informen sobre temas concretos autom\u00e1ticamente.\u00bb img=\u00bbhttps:\/\/ciudadanoconversacional.com\/wp-content\/uploads\/2025\/06\/9-1.png\u00bb _builder_version=\u00bb4.25.1&#8243; _module_preset=\u00bbdefault\u00bb text_font=\u00bb|700|||||||\u00bb text_text_color=\u00bb#FFFFFF\u00bb text_font_size=\u00bb19px\u00bb content_text_color=\u00bb#FFFFFF\u00bb content_font_size=\u00bb15px\u00bb global_colors_info=\u00bb{}\u00bb][\/divi8_image_carousel_item][divi8_image_carousel_item heading=\u00bbVende a trav\u00e9s de WhatsApp seguro\u00bb description=\u00bbSesi\u00f3n dedicada a comerciantes, emprendedores&#8230;donde se mostrar\u00e1 c\u00f3mo utilizar WhatsApp de forma profesional para vender, gestionar pedidos y fidelizar clientes.\u00bb img=\u00bbhttps:\/\/ciudadanoconversacional.com\/wp-content\/uploads\/2025\/06\/10.png\u00bb _builder_version=\u00bb4.25.1&#8243; _module_preset=\u00bbdefault\u00bb text_font=\u00bb|700|||||||\u00bb text_text_color=\u00bb#FFFFFF\u00bb text_font_size=\u00bb19px\u00bb content_text_color=\u00bb#FFFFFF\u00bb content_font_size=\u00bb15px\u00bb global_colors_info=\u00bb{}\u00bb][\/divi8_image_carousel_item][divi8_image_carousel_item heading=\u00bbUso seguro de WhatsApp para personas mayores\u00bb description=\u00bbSituaciones reales que afectan especialmente a personas mayores. C\u00f3mo prevenir riesgos y aprovechar las herramientas que la propia aplicaci\u00f3n ofrece para protegernos\u00bb img=\u00bbhttps:\/\/ciudadanoconversacional.com\/wp-content\/uploads\/2025\/06\/12.png\u00bb _builder_version=\u00bb4.25.1&#8243; _module_preset=\u00bbdefault\u00bb text_font=\u00bb|700|||||||\u00bb text_text_color=\u00bb#FFFFFF\u00bb text_font_size=\u00bb19px\u00bb content_text_color=\u00bb#FFFFFF\u00bb content_font_size=\u00bb15px\u00bb global_colors_info=\u00bb{}\u00bb][\/divi8_image_carousel_item][divi8_image_carousel_item heading=\u00bbSoluciones WhatsApp con IA aplicadas a tu ciudad\u00bb description=\u00bbEvento para estudiantes, t\u00e9cnicos y personal de AAPP  en formato Hackathon, para proponer soluciones frente a un reto propuesto.\u00bb img=\u00bbhttps:\/\/ciudadanoconversacional.com\/wp-content\/uploads\/2025\/06\/11-1.png\u00bb _builder_version=\u00bb4.25.1&#8243; _module_preset=\u00bbdefault\u00bb text_font=\u00bb|700|||||||\u00bb text_text_color=\u00bb#FFFFFF\u00bb text_font_size=\u00bb19px\u00bb content_text_color=\u00bb#FFFFFF\u00bb content_font_size=\u00bb15px\u00bb global_colors_info=\u00bb{}\u00bb][\/divi8_image_carousel_item][\/divi8_image_carousel][et_pb_divider show_divider=\u00bboff\u00bb _builder_version=\u00bb4.25.1&#8243; _module_preset=\u00bbdefault\u00bb global_colors_info=\u00bb{}\u00bb][\/et_pb_divider][et_pb_button button_url=\u00bbhttps:\/\/api.whatsapp.com\/send\/?phone=34915475371&#038;text=Hola+quiero+m%C3%A1s+informaci%C3%B3n+&#038;type=phone_number&#038;app_absent=0&#8243; button_text=\u00bb\u00bfQuieres proponernos alguna tem\u00e1tica espec\u00edfica?\u00bb button_alignment=\u00bbcenter\u00bb _builder_version=\u00bb4.25.1&#8243; _module_preset=\u00bbdefault\u00bb custom_button=\u00bbon\u00bb button_text_color=\u00bb#185359&#8243; hover_enabled=\u00bb0&#8243; global_colors_info=\u00bb{}\u00bb sticky_enabled=\u00bb0&#8243;][\/et_pb_button][\/et_pb_column][\/et_pb_row][\/et_pb_section][et_pb_section fb_built=\u00bb1&#8243; _builder_version=\u00bb4.25.1&#8243; _module_preset=\u00bbdefault\u00bb background_color=\u00bb#185359&#8243; custom_padding=\u00bb||0px|||\u00bb da_disable_devices=\u00bboff|off|off\u00bb global_colors_info=\u00bb{}\u00bb da_is_popup=\u00bboff\u00bb da_exit_intent=\u00bboff\u00bb da_has_close=\u00bbon\u00bb da_alt_close=\u00bboff\u00bb da_dark_close=\u00bboff\u00bb da_not_modal=\u00bbon\u00bb da_is_singular=\u00bboff\u00bb da_with_loader=\u00bboff\u00bb da_has_shadow=\u00bbon\u00bb][et_pb_row _builder_version=\u00bb4.25.1&#8243; _module_preset=\u00bbdefault\u00bb custom_margin=\u00bb-43px|auto||auto||\u00bb global_colors_info=\u00bb{}\u00bb][et_pb_column type=\u00bb4_4&#8243; _builder_version=\u00bb4.25.1&#8243; _module_preset=\u00bbdefault\u00bb global_colors_info=\u00bb{}\u00bb][et_pb_text _builder_version=\u00bb4.25.1&#8243; _module_preset=\u00bbdefault\u00bb hover_enabled=\u00bb0&#8243; global_colors_info=\u00bb{}\u00bb sticky_enabled=\u00bb0&#8243;]<\/p>\n<h1 style=\"text-align: center;\"><span style=\"color: #ffffff;\">Ejemplos de otras ediciones<\/span><\/h1>\n<p>[\/et_pb_text][\/et_pb_column][\/et_pb_row][et_pb_row column_structure=\u00bb1_3,1_3,1_3&#8243; _builder_version=\u00bb4.25.1&#8243; _module_preset=\u00bbdefault\u00bb global_colors_info=\u00bb{}\u00bb][et_pb_column type=\u00bb1_3&#8243; _builder_version=\u00bb4.25.1&#8243; _module_preset=\u00bbdefault\u00bb global_colors_info=\u00bb{}\u00bb][et_pb_image src=\u00bbhttps:\/\/ciudadanoconversacional.com\/wp-content\/uploads\/2025\/06\/Valencia.png\u00bb title_text=\u00bbValencia\u00bb url=\u00bbhttps:\/\/eventos.ciudadanoconversacional.com\/events?city=valencia&#038;type=completed\u00bb url_new_window=\u00bbon\u00bb use_overlay=\u00bbon\u00bb hover_overlay_color=\u00bbrgba(255,255,255,0.61)\u00bb _builder_version=\u00bb4.25.1&#8243; _module_preset=\u00bbdefault\u00bb hover_enabled=\u00bb0&#8243; border_radii=\u00bbon|10px|10px|10px|10px\u00bb global_colors_info=\u00bb{}\u00bb overlay_icon_color=\u00bb#185359&#8243; sticky_enabled=\u00bb0&#8243;][\/et_pb_image][\/et_pb_column][et_pb_column type=\u00bb1_3&#8243; _builder_version=\u00bb4.25.1&#8243; _module_preset=\u00bbdefault\u00bb global_colors_info=\u00bb{}\u00bb][et_pb_image src=\u00bbhttps:\/\/ciudadanoconversacional.com\/wp-content\/uploads\/2025\/06\/Miniaturas-compartir-web-14.png\u00bb title_text=\u00bbMiniaturas compartir web (14)\u00bb url=\u00bbhttps:\/\/eventos.ciudadanoconversacional.com\/events?city=soria\u00bb url_new_window=\u00bbon\u00bb use_overlay=\u00bbon\u00bb hover_overlay_color=\u00bbrgba(255,255,255,0.55)\u00bb _builder_version=\u00bb4.25.1&#8243; _module_preset=\u00bbdefault\u00bb hover_enabled=\u00bb0&#8243; border_radii=\u00bbon|10px|10px|10px|10px\u00bb global_colors_info=\u00bb{}\u00bb overlay_icon_color=\u00bb#185359&#8243; sticky_enabled=\u00bb0&#8243;][\/et_pb_image][\/et_pb_column][et_pb_column type=\u00bb1_3&#8243; _builder_version=\u00bb4.25.1&#8243; _module_preset=\u00bbdefault\u00bb global_colors_info=\u00bb{}\u00bb][et_pb_image src=\u00bbhttps:\/\/ciudadanoconversacional.com\/wp-content\/uploads\/2025\/06\/53.png\u00bb title_text=\u00bb53&#8243; url=\u00bbhttps:\/\/eventos.ciudadanoconversacional.com\/events?city=castell%C3%B3n\u00bb url_new_window=\u00bbon\u00bb use_overlay=\u00bbon\u00bb hover_overlay_color=\u00bbrgba(255,255,255,0.55)\u00bb _builder_version=\u00bb4.25.1&#8243; _module_preset=\u00bbdefault\u00bb hover_enabled=\u00bb0&#8243; border_radii=\u00bbon|10px|10px|10px|10px\u00bb global_colors_info=\u00bb{}\u00bb overlay_icon_color=\u00bb#185359&#8243; sticky_enabled=\u00bb0&#8243;][\/et_pb_image][\/et_pb_column][\/et_pb_row][et_pb_row _builder_version=\u00bb4.25.1&#8243; _module_preset=\u00bbdefault\u00bb][et_pb_column _builder_version=\u00bb4.25.1&#8243; _module_preset=\u00bbdefault\u00bb type=\u00bb4_4&#8243;][et_pb_button button_url=\u00bbhttps:\/\/eventos.ciudadanoconversacional.com\/events?type=completed\u00bb button_text=\u00bbVer todas las ediciones\u00bb button_alignment=\u00bbcenter\u00bb _builder_version=\u00bb4.25.1&#8243; _module_preset=\u00bbdefault\u00bb custom_button=\u00bbon\u00bb button_text_color=\u00bb#FFFFFF\u00bb button_border_color=\u00bb#FFFFFF\u00bb custom_margin=\u00bb-6px||||false|false\u00bb hover_enabled=\u00bb0&#8243; global_colors_info=\u00bb{}\u00bb locked=\u00bboff\u00bb sticky_enabled=\u00bb0&#8243; disabled_on=\u00bboff|off|off\u00bb][\/et_pb_button][\/et_pb_column][\/et_pb_row][\/et_pb_section][et_pb_section fb_built=\u00bb1&#8243; _builder_version=\u00bb4.25.1&#8243; _module_preset=\u00bbdefault\u00bb background_color=\u00bb#FFFFFF\u00bb da_disable_devices=\u00bboff|off|off\u00bb global_colors_info=\u00bb{}\u00bb da_is_popup=\u00bboff\u00bb da_exit_intent=\u00bboff\u00bb da_has_close=\u00bbon\u00bb da_alt_close=\u00bboff\u00bb da_dark_close=\u00bboff\u00bb da_not_modal=\u00bbon\u00bb da_is_singular=\u00bboff\u00bb da_with_loader=\u00bboff\u00bb da_has_shadow=\u00bbon\u00bb][et_pb_row module_class=\u00bbflex-section\u00bb _builder_version=\u00bb4.25.1&#8243; custom_margin=\u00bb||60px|\u00bb locked=\u00bboff\u00bb global_colors_info=\u00bb{}\u00bb][et_pb_column type=\u00bb4_4&#8243; _builder_version=\u00bb4.16&#8243; custom_padding=\u00bb|||\u00bb global_colors_info=\u00bb{}\u00bb custom_padding__hover=\u00bb|||\u00bb][et_pb_text _builder_version=\u00bb4.25.1&#8243; text_font=\u00bb||||||||\u00bb text_font_size=\u00bb20px\u00bb text_line_height=\u00bb1.9em\u00bb header_font=\u00bb||||||||\u00bb header_2_font=\u00bbRoboto|300|||||||\u00bb header_2_font_size=\u00bb50px\u00bb header_2_line_height=\u00bb1.2em\u00bb text_orientation=\u00bbcenter\u00bb max_width_tablet=\u00bb\u00bb max_width_phone=\u00bb\u00bb max_width_last_edited=\u00bbon|desktop\u00bb module_alignment=\u00bbcenter\u00bb header_2_font_size_tablet=\u00bb40px\u00bb header_2_font_size_phone=\u00bb32px\u00bb header_2_font_size_last_edited=\u00bbon|phone\u00bb global_colors_info=\u00bb{}\u00bb]<\/p>\n<h2 style=\"text-align: left;\">C\u00f3mo solicitar tus propias iniciativas WhatsApp<\/h2>\n<p>[\/et_pb_text][et_pb_text _builder_version=\u00bb4.25.1&#8243; text_font=\u00bb||||||||\u00bb text_font_size=\u00bb16px\u00bb header_font=\u00bb||||||||\u00bb header_2_font=\u00bbRoboto|300|||||||\u00bb header_2_font_size=\u00bb50px\u00bb header_2_line_height=\u00bb1.4em\u00bb text_orientation=\u00bbcenter\u00bb header_2_font_size_tablet=\u00bb40px\u00bb header_2_font_size_phone=\u00bb32px\u00bb header_2_font_size_last_edited=\u00bbon|phone\u00bb locked=\u00bboff\u00bb global_colors_info=\u00bb{}\u00bb]<\/p>\n<p>Ponte en contacto con nosotros a trav\u00e9s del formulario a continuaci\u00f3n o envi\u00e1ndonos un WhatsApp<\/p>\n<p>[\/et_pb_text][et_pb_button button_url=\u00bbhttps:\/\/api.whatsapp.com\/send\/?phone=34915475371&#038;text=Hola+quiero+m%C3%A1s+informaci%C3%B3n+&#038;type=phone_number&#038;app_absent=0&#8243; url_new_window=\u00bbon\u00bb button_text=\u00bbSolicitar via WhatsApp\u00bb button_alignment=\u00bbcenter\u00bb _builder_version=\u00bb4.25.1&#8243; _module_preset=\u00bbdefault\u00bb custom_button=\u00bbon\u00bb button_text_size=\u00bb14px\u00bb button_text_color=\u00bb#FFFFFF\u00bb button_bg_color=\u00bb#185359&#8243; button_border_color=\u00bbRGBA(255,255,255,0)\u00bb button_icon=\u00bb&#xf232;||fa||400&#8243; button_icon_placement=\u00bbleft\u00bb button_on_hover=\u00bboff\u00bb hover_enabled=\u00bb0&#8243; locked=\u00bboff\u00bb global_colors_info=\u00bb{}\u00bb sticky_enabled=\u00bb0&#8243;][\/et_pb_button][et_pb_code disabled_on=\u00bbon|on|on\u00bb module_id=\u00bbformulario\u00bb _builder_version=\u00bb4.25.1&#8243; _module_preset=\u00bbdefault\u00bb background_color=\u00bb#FFFFFF\u00bb custom_padding=\u00bb5px|20px|5px|20px|true|true\u00bb custom_padding_tablet=\u00bb5px|20px|5px|20px|true|true\u00bb custom_padding_phone=\u00bb|10px||10px|true|true\u00bb custom_padding_last_edited=\u00bbon|phone\u00bb hover_enabled=\u00bb0&#8243; border_radii=\u00bbon|20px|20px|20px|20px\u00bb border_radii_tablet=\u00bbon|20px|20px|20px|20px\u00bb border_radii_phone=\u00bbon|10px|10px|10px|10px\u00bb border_radii_last_edited=\u00bbon|phone\u00bb disabled=\u00bbon\u00bb global_colors_info=\u00bb{}\u00bb sticky_enabled=\u00bb0&#8243;]<iframe aria-label='Solicitud INCIBE' frameborder=\"0\" style=\"height:850px;width:100%;border:none;\" src='https:\/\/forms.zohopublic.eu\/ciudadanoconversacional\/form\/SolicitudINCIBE\/formperma\/h-1QtoDwT5Qw_Ieiq-IlqHHPHruBWA3q_U3hh5_52dk'><\/iframe>[\/et_pb_code][\/et_pb_column][\/et_pb_row][\/et_pb_section]<\/p>\n","protected":false},"excerpt":{"rendered":"<p><div class=\"et_pb_with_border et_pb_module divi8_image_carousel divi8_image_carousel_0\">\n\t\t\t\t\n\t\t\t\t\n\t\t\t\t\n\t\t\t\t\n\t\t\t\t\n\t\t\t\t\n\t\t\t\t<div class=\"et_pb_module_inner\">\n\t\t\t\t\t<div> <div class=\"own\">\n\t\t\t<div class=\"swiper-container imageswiper\" data-slideperview=\"3|1|1\"\n\t\t\t data-direction=\"horizontal\" \n\t\t\t data-loop=\"on\" \n\t\t\t data-spacebetween=\"0\" \n\t\t\t data-effects=\"coverflow\" \n\t\t\t data-coverflow-rotation=\"0\" \n\t\t\t data-coverflowstretch=\"1\"  \n\t\t\t data-coverflowdepth=\"256\" \n\t\t\t data-coverflowshadow=\"off\" \n\t\t\t data-coverflowmodifier=\"1\" \n\t\t\t data-grabcursor=\"on\" \n\t\t\t data-centerslides=\"1\"  \n\t\t\t data-zoom=\"1\" \n\t\t\t data-speed=\"400\" \n\t\t\t data-autoplay=\"\" \n\t\t\t data-autoplay-delay=\"3000\" \n\t\t\t data-observer=\"1\" \n\t\t\t data-pagi-dynamicbullets=\"on\" \n\t\t\t data-pagi-type=\"bullets\" \n\t\t\t data-mousewheel=\"on\"\n\t\t\t data-keyboard=\"on\"\n\t\t\t data-autoplay_pause=\"1\"\n\t\t\t data-effects-type=\"coverflow\"\n\t\t\t ><div class=\"swiper-wrapper\"><\/div>\n\t\t\t<\/div>\n\t\t\t<div class=\"swiper-navi-container\">\n\t\t\t\t<div class=\"swiper-button-prev\"><i class='et-pb-icon divi8-icon-left'>&#x34;<\/i><\/div>\n\t\t\t\t<div class=\"swiper-button-next\"><i class='et-pb-icon divi8-icon-right'>&#x35;<\/i><\/div>\n\t\t\t<\/div>\n\t\t\t<div class=\"swiper-pagination\"><\/div>\n\t\t\t<div class=\"swiper-progress-bar\"><\/div>\n\t\t<\/div> <\/div> \n\t\t\t\t<\/div>\n\t\t\t<\/div><div class=\"et_pb_module divi8_image_carousel_item divi8_image_carousel_item_0\">\n\t\t\t\t\n\t\t\t\t\n\t\t\t\t\n\t\t\t\t\n\t\t\t\t\n\t\t\t\t\n\t\t\t\t<div class=\"et_pb_module_inner\">\n\t\t\t\t\t<div> <div class=\"carousel_content img_caro\">\n\t\t\t\t\t<img decoding=\"async\" src=\" https:\/\/ciudadanoconversacional.com\/wp-content\/uploads\/2025\/07\/Presentacion-Captacion-entidades-INCIBE-1.png \" alt=\"  \">\n\t\t\t\t\t<div class=\"img_caro_bottom img_caro_text\">\n\t\t\t\t\t\t<span>Heading<\/span>\n\t\t\t\t\t\t<p> Sub Heading<\/p>\n\t\t\t\t\t<\/div>\n\t\t\t\t<\/div> <\/div>\n\t\t\t\t<\/div>\n\t\t\t<\/div><div class=\"et_pb_module divi8_image_carousel_item divi8_image_carousel_item_1\">\n\t\t\t\t\n\t\t\t\t\n\t\t\t\t\n\t\t\t\t\n\t\t\t\t\n\t\t\t\t\n\t\t\t\t<div class=\"et_pb_module_inner\">\n\t\t\t\t\t<div> <div class=\"carousel_content img_caro\">\n\t\t\t\t\t<img decoding=\"async\" src=\" https:\/\/ciudadanoconversacional.com\/wp-content\/uploads\/2025\/07\/Presentacion-Captacion-entidades-INCIBE.png \" alt=\"  \">\n\t\t\t\t\t<div class=\"img_caro_bottom img_caro_text\">\n\t\t\t\t\t\t<span>Heading<\/span>\n\t\t\t\t\t\t<p> Sub Heading<\/p>\n\t\t\t\t\t<\/div>\n\t\t\t\t<\/div> <\/div>\n\t\t\t\t<\/div>\n\t\t\t<\/div><div class=\"et_pb_module divi8_image_carousel_item divi8_image_carousel_item_2\">\n\t\t\t\t\n\t\t\t\t\n\t\t\t\t\n\t\t\t\t\n\t\t\t\t\n\t\t\t\t\n\t\t\t\t<div class=\"et_pb_module_inner\">\n\t\t\t\t\t<div> <div class=\"carousel_content img_caro\">\n\t\t\t\t\t<img decoding=\"async\" src=\" \u00bbhttps:\/\/ciudadanoconversacional.com\/wp-content\/uploads\/2025\/07\/Presentacion-Captacion-entidades-INCIBE-2-copy.jpg\u00bb \" alt=\"  \">\n\t\t\t\t\t<div class=\"img_caro_bottom img_caro_text\">\n\t\t\t\t\t\t<span>Heading<\/span>\n\t\t\t\t\t\t<p> Sub Heading<\/p>\n\t\t\t\t\t<\/div>\n\t\t\t\t<\/div> <\/div>\n\t\t\t\t<\/div>\n\t\t\t<\/div><\/p>\n","protected":false},"author":1,"featured_media":0,"parent":0,"menu_order":0,"comment_status":"closed","ping_status":"closed","template":"","meta":{"_et_pb_use_builder":"on","_et_pb_old_content":"","_et_gb_content_width":"","inline_featured_image":false,"footnotes":""},"yoast_head":"<!-- This site is optimized with the Yoast SEO plugin v22.8 - https:\/\/yoast.com\/wordpress\/plugins\/seo\/ -->\n<title>Semana WhatsApp Incibe | Ciudadano Conversacional<\/title>\n<meta name=\"description\" content=\"Como colaboradores de Incibe Emprende, esta iniciativa incluye charlas, talleres y eventos por toda Espa\u00f1a\" \/>\n<meta name=\"robots\" content=\"index, follow, max-snippet:-1, max-image-preview:large, max-video-preview:-1\" \/>\n<link rel=\"canonical\" href=\"https:\/\/ciudadanoconversacional.com\/es\/semana-whatsapp-incibe\/\" \/>\n<meta property=\"og:locale\" content=\"es_ES\" \/>\n<meta property=\"og:type\" content=\"article\" \/>\n<meta property=\"og:title\" content=\"Semana WhatsApp Incibe | Ciudadano Conversacional\" \/>\n<meta property=\"og:description\" content=\"Como colaboradores de Incibe Emprende, esta iniciativa incluye charlas, talleres y eventos por toda Espa\u00f1a\" \/>\n<meta property=\"og:url\" content=\"https:\/\/ciudadanoconversacional.com\/es\/semana-whatsapp-incibe\/\" \/>\n<meta property=\"og:site_name\" content=\"Conversational Citizen\" \/>\n<meta property=\"article:modified_time\" content=\"2025-10-30T10:28:26+00:00\" \/>\n<meta name=\"twitter:card\" content=\"summary_large_image\" \/>\n<meta name=\"twitter:label1\" content=\"Tiempo de lectura\" \/>\n\t<meta name=\"twitter:data1\" content=\"6 minutos\" \/>\n<script type=\"application\/ld+json\" class=\"yoast-schema-graph\">{\"@context\":\"https:\/\/schema.org\",\"@graph\":[{\"@type\":\"WebPage\",\"@id\":\"https:\/\/ciudadanoconversacional.com\/es\/semana-whatsapp-incibe\/\",\"url\":\"https:\/\/ciudadanoconversacional.com\/es\/semana-whatsapp-incibe\/\",\"name\":\"Semana WhatsApp Incibe | Ciudadano Conversacional\",\"isPartOf\":{\"@id\":\"https:\/\/ciudadanoconversacional.com\/#website\"},\"datePublished\":\"2025-06-17T11:08:39+00:00\",\"dateModified\":\"2025-10-30T10:28:26+00:00\",\"description\":\"Como colaboradores de Incibe Emprende, esta iniciativa incluye charlas, talleres y eventos por toda Espa\u00f1a\",\"breadcrumb\":{\"@id\":\"https:\/\/ciudadanoconversacional.com\/es\/semana-whatsapp-incibe\/#breadcrumb\"},\"inLanguage\":\"es\",\"potentialAction\":[{\"@type\":\"ReadAction\",\"target\":[\"https:\/\/ciudadanoconversacional.com\/es\/semana-whatsapp-incibe\/\"]}]},{\"@type\":\"BreadcrumbList\",\"@id\":\"https:\/\/ciudadanoconversacional.com\/es\/semana-whatsapp-incibe\/#breadcrumb\",\"itemListElement\":[{\"@type\":\"ListItem\",\"position\":1,\"name\":\"Home\",\"item\":\"https:\/\/ciudadanoconversacional.com\/es\/\"},{\"@type\":\"ListItem\",\"position\":2,\"name\":\"Semana WhatsApp\"}]},{\"@type\":\"WebSite\",\"@id\":\"https:\/\/ciudadanoconversacional.com\/#website\",\"url\":\"https:\/\/ciudadanoconversacional.com\/\",\"name\":\"Conversational Citizen\",\"description\":\"Conversational Citizen\",\"publisher\":{\"@id\":\"https:\/\/ciudadanoconversacional.com\/#organization\"},\"potentialAction\":[{\"@type\":\"SearchAction\",\"target\":{\"@type\":\"EntryPoint\",\"urlTemplate\":\"https:\/\/ciudadanoconversacional.com\/?s={search_term_string}\"},\"query-input\":\"required name=search_term_string\"}],\"inLanguage\":\"es\"},{\"@type\":\"Organization\",\"@id\":\"https:\/\/ciudadanoconversacional.com\/#organization\",\"name\":\"Conversational Citizen\",\"url\":\"https:\/\/ciudadanoconversacional.com\/\",\"logo\":{\"@type\":\"ImageObject\",\"inLanguage\":\"es\",\"@id\":\"https:\/\/ciudadanoconversacional.com\/#\/schema\/logo\/image\/\",\"url\":\"https:\/\/conversationalcitizen.com\/wp-content\/uploads\/2022\/10\/conversational-citizen-logo-v.png\",\"contentUrl\":\"https:\/\/conversationalcitizen.com\/wp-content\/uploads\/2022\/10\/conversational-citizen-logo-v.png\",\"width\":600,\"height\":557,\"caption\":\"Conversational Citizen\"},\"image\":{\"@id\":\"https:\/\/ciudadanoconversacional.com\/#\/schema\/logo\/image\/\"}}]}<\/script>\n<!-- \/ Yoast SEO plugin. -->","yoast_head_json":{"title":"Semana WhatsApp Incibe | Ciudadano Conversacional","description":"Como colaboradores de Incibe Emprende, esta iniciativa incluye charlas, talleres y eventos por toda Espa\u00f1a","robots":{"index":"index","follow":"follow","max-snippet":"max-snippet:-1","max-image-preview":"max-image-preview:large","max-video-preview":"max-video-preview:-1"},"canonical":"https:\/\/ciudadanoconversacional.com\/es\/semana-whatsapp-incibe\/","og_locale":"es_ES","og_type":"article","og_title":"Semana WhatsApp Incibe | Ciudadano Conversacional","og_description":"Como colaboradores de Incibe Emprende, esta iniciativa incluye charlas, talleres y eventos por toda Espa\u00f1a","og_url":"https:\/\/ciudadanoconversacional.com\/es\/semana-whatsapp-incibe\/","og_site_name":"Conversational Citizen","article_modified_time":"2025-10-30T10:28:26+00:00","twitter_card":"summary_large_image","twitter_misc":{"Tiempo de lectura":"6 minutos"},"schema":{"@context":"https:\/\/schema.org","@graph":[{"@type":"WebPage","@id":"https:\/\/ciudadanoconversacional.com\/es\/semana-whatsapp-incibe\/","url":"https:\/\/ciudadanoconversacional.com\/es\/semana-whatsapp-incibe\/","name":"Semana WhatsApp Incibe | Ciudadano Conversacional","isPartOf":{"@id":"https:\/\/ciudadanoconversacional.com\/#website"},"datePublished":"2025-06-17T11:08:39+00:00","dateModified":"2025-10-30T10:28:26+00:00","description":"Como colaboradores de Incibe Emprende, esta iniciativa incluye charlas, talleres y eventos por toda Espa\u00f1a","breadcrumb":{"@id":"https:\/\/ciudadanoconversacional.com\/es\/semana-whatsapp-incibe\/#breadcrumb"},"inLanguage":"es","potentialAction":[{"@type":"ReadAction","target":["https:\/\/ciudadanoconversacional.com\/es\/semana-whatsapp-incibe\/"]}]},{"@type":"BreadcrumbList","@id":"https:\/\/ciudadanoconversacional.com\/es\/semana-whatsapp-incibe\/#breadcrumb","itemListElement":[{"@type":"ListItem","position":1,"name":"Home","item":"https:\/\/ciudadanoconversacional.com\/es\/"},{"@type":"ListItem","position":2,"name":"Semana WhatsApp"}]},{"@type":"WebSite","@id":"https:\/\/ciudadanoconversacional.com\/#website","url":"https:\/\/ciudadanoconversacional.com\/","name":"Conversational Citizen","description":"Conversational Citizen","publisher":{"@id":"https:\/\/ciudadanoconversacional.com\/#organization"},"potentialAction":[{"@type":"SearchAction","target":{"@type":"EntryPoint","urlTemplate":"https:\/\/ciudadanoconversacional.com\/?s={search_term_string}"},"query-input":"required name=search_term_string"}],"inLanguage":"es"},{"@type":"Organization","@id":"https:\/\/ciudadanoconversacional.com\/#organization","name":"Conversational Citizen","url":"https:\/\/ciudadanoconversacional.com\/","logo":{"@type":"ImageObject","inLanguage":"es","@id":"https:\/\/ciudadanoconversacional.com\/#\/schema\/logo\/image\/","url":"https:\/\/conversationalcitizen.com\/wp-content\/uploads\/2022\/10\/conversational-citizen-logo-v.png","contentUrl":"https:\/\/conversationalcitizen.com\/wp-content\/uploads\/2022\/10\/conversational-citizen-logo-v.png","width":600,"height":557,"caption":"Conversational Citizen"},"image":{"@id":"https:\/\/ciudadanoconversacional.com\/#\/schema\/logo\/image\/"}}]}},"_links":{"self":[{"href":"https:\/\/ciudadanoconversacional.com\/es\/wp-json\/wp\/v2\/pages\/2473"}],"collection":[{"href":"https:\/\/ciudadanoconversacional.com\/es\/wp-json\/wp\/v2\/pages"}],"about":[{"href":"https:\/\/ciudadanoconversacional.com\/es\/wp-json\/wp\/v2\/types\/page"}],"author":[{"embeddable":true,"href":"https:\/\/ciudadanoconversacional.com\/es\/wp-json\/wp\/v2\/users\/1"}],"replies":[{"embeddable":true,"href":"https:\/\/ciudadanoconversacional.com\/es\/wp-json\/wp\/v2\/comments?post=2473"}],"version-history":[{"count":93,"href":"https:\/\/ciudadanoconversacional.com\/es\/wp-json\/wp\/v2\/pages\/2473\/revisions"}],"predecessor-version":[{"id":2778,"href":"https:\/\/ciudadanoconversacional.com\/es\/wp-json\/wp\/v2\/pages\/2473\/revisions\/2778"}],"wp:attachment":[{"href":"https:\/\/ciudadanoconversacional.com\/es\/wp-json\/wp\/v2\/media?parent=2473"}],"curies":[{"name":"wp","href":"https:\/\/api.w.org\/{rel}","templated":true}]}}